{"id":47362,"date":"2024-04-08T15:19:29","date_gmt":"2024-04-08T13:19:29","guid":{"rendered":"https:\/\/clarijs-fietstassen.nl\/weinkuehler-recycled-excellent-grey\/"},"modified":"2025-02-17T13:17:31","modified_gmt":"2025-02-17T12:17:31","slug":"weinkuehler-recycled-excellent-grey","status":"publish","type":"product","link":"https:\/\/clarijs-fietstassen.nl\/de\/produkt\/weinkuehler-recycled-excellent-grey\/","title":{"rendered":"Weink\u00fchler reCYCLEd &#8211; Excellent Grey"},"content":{"rendered":"<p><span style=\"font-weight: 400;\">Der Weink\u00fchler reCYCLEd Excellent Grey wird vollst\u00e4ndig aus unseren eigenen Produktionsabf\u00e4llen hergestellt. F\u00fcr diesen Weink\u00fchler verwenden wir beschichtetes Acryl, das bei der Herstellung von Gep\u00e4cktaschen und Bakfietsents anf\u00e4llt. Der Weink\u00fchler h\u00e4lt Ihren Wein oder ein anderes Getr\u00e4nk k\u00fchl und eignet sich daher hervorragend f\u00fcr eine Fahrradtour oder einen Ausflug an den Strand.    <\/span><\/p>\n<p><b>Vorteile:<\/b><\/p>\n<ul>\n<li style=\"font-weight: 400;\" aria-level=\"1\">Hergestellt aus <strong>robustem, recyceltem Material<\/strong><\/li>\n<li style=\"font-weight: 400;\" aria-level=\"1\"><strong>Handgefertigt in den Niederlanden<\/strong><\/li>\n<li style=\"font-weight: 400;\" aria-level=\"1\">In <strong>verschiedenen Farben<\/strong> erh\u00e4ltlich<\/li>\n<li style=\"font-weight: 400;\" aria-level=\"1\">Der Weink\u00fchler ist <strong>kompakt und leicht zu verstauen<\/strong>, wenn er nicht gebraucht wird.<\/li>\n<\/ul>\n<p><b>Hochwertiges Material<\/b><\/p>\n<ul>\n<li style=\"font-weight: 400;\" aria-level=\"1\"><span style=\"font-weight: 400;\">Dieser Weink\u00fchler wird aus den Produktionsabf\u00e4llen unserer Regenabdeckungen und Packtaschen f\u00fcr Lastenfahrr\u00e4der hergestellt. Die von uns verwendeten Materialien sind beschichtetes Acryl und PVC. <\/span><\/li>\n<li style=\"font-weight: 400;\" aria-level=\"1\"><span style=\"font-weight: 400;\">F\u00fcr die Herstellung dieser hochwertigen Taschen verwenden wir die ausgeschnittenen Fensterelemente der Fahrradtaschen, die wir f\u00fcr Urban Arrow, Babboe, Carqon, Johnny Loco und Butchers &amp; Bicycles produzieren.<\/span><\/li>\n<\/ul>\n","protected":false},"excerpt":{"rendered":"<p>Der Weink\u00fchler reCYCLEd Excellent Grey wird vollst\u00e4ndig aus unseren eigenen Produktionsabf\u00e4llen hergestellt. F\u00fcr diesen Weink\u00fchler verwenden wir beschichtetes Acryl, das bei der Herstellung von Gep\u00e4cktaschen und Bakfietsents anf\u00e4llt. Der Weink\u00fchler h\u00e4lt Ihren Wein oder ein anderes Getr\u00e4nk k\u00fchl und eignet sich daher hervorragend f\u00fcr eine Fahrradtour oder einen Ausflug an den Strand. Vorteile: Hergestellt aus [&hellip;]<\/p>\n","protected":false},"featured_media":47363,"comment_status":"closed","ping_status":"closed","template":"","meta":{"_acf_changed":false,"_et_pb_use_builder":"","_et_pb_old_content":"","_et_gb_content_width":""},"product_brand":[],"product_cat":[783],"product_tag":[],"class_list":{"0":"post-47362","1":"product","2":"type-product","3":"status-publish","4":"has-post-thumbnail","6":"product_cat-recycled-de","7":"pa_kleur-grau","8":"pa_materiaal-acryl-de","9":"pa_merk-clarijs-covers-b-v-de","11":"first","12":"instock","13":"featured","14":"taxable","15":"shipping-taxable","16":"purchasable","17":"product-type-simple"},"acf":[],"yoast_head":"<!-- This site is optimized with the Yoast SEO Premium plugin v27.2 (Yoast SEO v27.4) - https:\/\/yoast.com\/product\/yoast-seo-premium-wordpress\/ -->\n<title>Weink\u00fchler reCYCLEd - Excellent Grey - Clarijs Fietstassen<\/title>\n<meta name=\"description\" content=\"Der recycelte Clarijs Weink\u00fchler wird vollst\u00e4ndig aus Produktionsabf\u00e4llen hergestellt. Sehen Sie sich diese exzellente graue Farbe an und bestellen Sie noch heute!\" \/>\n<meta name=\"robots\" content=\"index, follow, max-snippet:-1, max-image-preview:large, max-video-preview:-1\" \/>\n<link rel=\"canonical\" href=\"http:\/\/clarijs-fietstassen.nl\/produkt\/wijnkoeler-recycled-excellent-grijs\/\" \/>\n<meta property=\"og:locale\" content=\"de_DE\" \/>\n<meta property=\"og:type\" content=\"article\" \/>\n<meta property=\"og:title\" content=\"Weink\u00fchler reCYCLEd - Excellent Grey\" \/>\n<meta property=\"og:description\" content=\"Der recycelte Clarijs Weink\u00fchler wird vollst\u00e4ndig aus Produktionsabf\u00e4llen hergestellt. Sehen Sie sich diese exzellente graue Farbe an und bestellen Sie noch heute!\" \/>\n<meta property=\"og:url\" content=\"http:\/\/clarijs-fietstassen.nl\/produkt\/wijnkoeler-recycled-excellent-grijs\/\" \/>\n<meta property=\"og:site_name\" content=\"Clarijs Fietstassen\" \/>\n<meta property=\"article:publisher\" content=\"https:\/\/www.facebook.com\/clarijs1948\/\" \/>\n<meta property=\"article:modified_time\" content=\"2025-02-17T12:17:31+00:00\" \/>\n<meta property=\"og:image\" content=\"https:\/\/clarijs-fietstassen.nl\/wp-content\/uploads\/2024\/04\/Wijnkoeler-excellent-grijs-test.png\" \/>\n\t<meta property=\"og:image:width\" content=\"1000\" \/>\n\t<meta property=\"og:image:height\" content=\"1000\" \/>\n\t<meta property=\"og:image:type\" content=\"image\/png\" \/>\n<meta name=\"twitter:card\" content=\"summary_large_image\" \/>\n<meta name=\"twitter:label1\" content=\"Preis\" \/>\n\t<meta name=\"twitter:data1\" content=\"&euro;25.00\" \/>\n\t<meta name=\"twitter:label2\" content=\"Verf\u00fcgbarkeit\" \/>\n\t<meta name=\"twitter:data2\" content=\"Auf Lager\" \/>\n<script type=\"application\/ld+json\" class=\"yoast-schema-graph\">{\"@context\":\"https:\\\/\\\/schema.org\",\"@graph\":[{\"@type\":\"WebPage\",\"@id\":\"http:\\\/\\\/clarijs-fietstassen.nl\\\/produkt\\\/wijnkoeler-recycled-excellent-grijs\\\/\",\"url\":\"http:\\\/\\\/clarijs-fietstassen.nl\\\/produkt\\\/wijnkoeler-recycled-excellent-grijs\\\/\",\"name\":\"Weink\u00fchler reCYCLEd - Excellent Grey - Clarijs Fietstassen\",\"isPartOf\":{\"@id\":\"https:\\\/\\\/clarijs-fietstassen.nl\\\/de\\\/#website\"},\"primaryImageOfPage\":{\"@id\":\"http:\\\/\\\/clarijs-fietstassen.nl\\\/produkt\\\/wijnkoeler-recycled-excellent-grijs\\\/#primaryimage\"},\"image\":{\"@id\":\"http:\\\/\\\/clarijs-fietstassen.nl\\\/produkt\\\/wijnkoeler-recycled-excellent-grijs\\\/#primaryimage\"},\"thumbnailUrl\":\"https:\\\/\\\/clarijs-fietstassen.nl\\\/wp-content\\\/uploads\\\/2024\\\/04\\\/Wijnkoeler-excellent-grijs-test.png\",\"datePublished\":\"2024-04-08T13:19:29+00:00\",\"dateModified\":\"2025-02-17T12:17:31+00:00\",\"description\":\"Der recycelte Clarijs Weink\u00fchler wird vollst\u00e4ndig aus Produktionsabf\u00e4llen hergestellt. Sehen Sie sich diese exzellente graue Farbe an und bestellen Sie noch heute!\",\"breadcrumb\":{\"@id\":\"http:\\\/\\\/clarijs-fietstassen.nl\\\/produkt\\\/wijnkoeler-recycled-excellent-grijs\\\/#breadcrumb\"},\"inLanguage\":\"de\",\"potentialAction\":[{\"@type\":\"ReadAction\",\"target\":[\"http:\\\/\\\/clarijs-fietstassen.nl\\\/produkt\\\/wijnkoeler-recycled-excellent-grijs\\\/\"]}]},{\"@type\":\"ImageObject\",\"inLanguage\":\"de\",\"@id\":\"http:\\\/\\\/clarijs-fietstassen.nl\\\/produkt\\\/wijnkoeler-recycled-excellent-grijs\\\/#primaryimage\",\"url\":\"https:\\\/\\\/clarijs-fietstassen.nl\\\/wp-content\\\/uploads\\\/2024\\\/04\\\/Wijnkoeler-excellent-grijs-test.png\",\"contentUrl\":\"https:\\\/\\\/clarijs-fietstassen.nl\\\/wp-content\\\/uploads\\\/2024\\\/04\\\/Wijnkoeler-excellent-grijs-test.png\",\"width\":1000,\"height\":1000,\"caption\":\"Weink\u00fchler excellent grey test\"},{\"@type\":\"BreadcrumbList\",\"@id\":\"http:\\\/\\\/clarijs-fietstassen.nl\\\/produkt\\\/wijnkoeler-recycled-excellent-grijs\\\/#breadcrumb\",\"itemListElement\":[{\"@type\":\"ListItem\",\"position\":1,\"name\":\"Home\",\"item\":\"https:\\\/\\\/clarijs-fietstassen.nl\\\/de\\\/\"},{\"@type\":\"ListItem\",\"position\":2,\"name\":\"Shop\",\"item\":\"https:\\\/\\\/clarijs-fietstassen.nl\\\/de\\\/shop\\\/\"},{\"@type\":\"ListItem\",\"position\":3,\"name\":\"reCYCLEd\",\"item\":\"https:\\\/\\\/clarijs-fietstassen.nl\\\/recycled\\\/\"},{\"@type\":\"ListItem\",\"position\":4,\"name\":\"Weink\u00fchler reCYCLEd &#8211; Excellent Grey\"}]},{\"@type\":\"WebSite\",\"@id\":\"https:\\\/\\\/clarijs-fietstassen.nl\\\/de\\\/#website\",\"url\":\"https:\\\/\\\/clarijs-fietstassen.nl\\\/de\\\/\",\"name\":\"Clarijs Fietstassen\",\"description\":\"Kwaliteit &amp; ambacht sinds 1948\",\"publisher\":{\"@id\":\"https:\\\/\\\/clarijs-fietstassen.nl\\\/de\\\/#organization\"},\"potentialAction\":[{\"@type\":\"SearchAction\",\"target\":{\"@type\":\"EntryPoint\",\"urlTemplate\":\"https:\\\/\\\/clarijs-fietstassen.nl\\\/de\\\/?s={search_term_string}\"},\"query-input\":{\"@type\":\"PropertyValueSpecification\",\"valueRequired\":true,\"valueName\":\"search_term_string\"}}],\"inLanguage\":\"de\"},{\"@type\":\"Organization\",\"@id\":\"https:\\\/\\\/clarijs-fietstassen.nl\\\/de\\\/#organization\",\"name\":\"Clarijs Fietstassen\",\"url\":\"https:\\\/\\\/clarijs-fietstassen.nl\\\/de\\\/\",\"logo\":{\"@type\":\"ImageObject\",\"inLanguage\":\"de\",\"@id\":\"https:\\\/\\\/clarijs-fietstassen.nl\\\/de\\\/#\\\/schema\\\/logo\\\/image\\\/\",\"url\":\"https:\\\/\\\/clarijs-fietstassen.nl\\\/wp-content\\\/uploads\\\/2024\\\/01\\\/clarijs-logo-met-rand.jpg\",\"contentUrl\":\"https:\\\/\\\/clarijs-fietstassen.nl\\\/wp-content\\\/uploads\\\/2024\\\/01\\\/clarijs-logo-met-rand.jpg\",\"width\":560,\"height\":266,\"caption\":\"Clarijs Fietstassen\"},\"image\":{\"@id\":\"https:\\\/\\\/clarijs-fietstassen.nl\\\/de\\\/#\\\/schema\\\/logo\\\/image\\\/\"},\"sameAs\":[\"https:\\\/\\\/www.facebook.com\\\/clarijs1948\\\/\",\"https:\\\/\\\/www.instagram.com\\\/clarijscovers\\\/\"]}]}<\/script>\n<meta property=\"product:price:amount\" content=\"25.00\" \/>\n<meta property=\"product:price:currency\" content=\"EUR\" \/>\n<meta property=\"og:availability\" content=\"instock\" \/>\n<meta property=\"product:availability\" content=\"instock\" \/>\n<meta property=\"product:retailer_item_id\" content=\"4072\" \/>\n<meta property=\"product:condition\" content=\"new\" \/>\n<!-- \/ Yoast SEO Premium plugin. -->","yoast_head_json":{"title":"Weink\u00fchler reCYCLEd - Excellent Grey - Clarijs Fietstassen","description":"Der recycelte Clarijs Weink\u00fchler wird vollst\u00e4ndig aus Produktionsabf\u00e4llen hergestellt. Sehen Sie sich diese exzellente graue Farbe an und bestellen Sie noch heute!","robots":{"index":"index","follow":"follow","max-snippet":"max-snippet:-1","max-image-preview":"max-image-preview:large","max-video-preview":"max-video-preview:-1"},"canonical":"http:\/\/clarijs-fietstassen.nl\/produkt\/wijnkoeler-recycled-excellent-grijs\/","og_locale":"de_DE","og_type":"article","og_title":"Weink\u00fchler reCYCLEd - Excellent Grey","og_description":"Der recycelte Clarijs Weink\u00fchler wird vollst\u00e4ndig aus Produktionsabf\u00e4llen hergestellt. Sehen Sie sich diese exzellente graue Farbe an und bestellen Sie noch heute!","og_url":"http:\/\/clarijs-fietstassen.nl\/produkt\/wijnkoeler-recycled-excellent-grijs\/","og_site_name":"Clarijs Fietstassen","article_publisher":"https:\/\/www.facebook.com\/clarijs1948\/","article_modified_time":"2025-02-17T12:17:31+00:00","og_image":[{"width":1000,"height":1000,"url":"https:\/\/clarijs-fietstassen.nl\/wp-content\/uploads\/2024\/04\/Wijnkoeler-excellent-grijs-test.png","type":"image\/png"}],"twitter_card":"summary_large_image","twitter_misc":{"Preis":"&euro;25.00","Verf\u00fcgbarkeit":"Auf Lager"},"schema":{"@context":"https:\/\/schema.org","@graph":[{"@type":"WebPage","@id":"http:\/\/clarijs-fietstassen.nl\/produkt\/wijnkoeler-recycled-excellent-grijs\/","url":"http:\/\/clarijs-fietstassen.nl\/produkt\/wijnkoeler-recycled-excellent-grijs\/","name":"Weink\u00fchler reCYCLEd - Excellent Grey - Clarijs Fietstassen","isPartOf":{"@id":"https:\/\/clarijs-fietstassen.nl\/de\/#website"},"primaryImageOfPage":{"@id":"http:\/\/clarijs-fietstassen.nl\/produkt\/wijnkoeler-recycled-excellent-grijs\/#primaryimage"},"image":{"@id":"http:\/\/clarijs-fietstassen.nl\/produkt\/wijnkoeler-recycled-excellent-grijs\/#primaryimage"},"thumbnailUrl":"https:\/\/clarijs-fietstassen.nl\/wp-content\/uploads\/2024\/04\/Wijnkoeler-excellent-grijs-test.png","datePublished":"2024-04-08T13:19:29+00:00","dateModified":"2025-02-17T12:17:31+00:00","description":"Der recycelte Clarijs Weink\u00fchler wird vollst\u00e4ndig aus Produktionsabf\u00e4llen hergestellt. Sehen Sie sich diese exzellente graue Farbe an und bestellen Sie noch heute!","breadcrumb":{"@id":"http:\/\/clarijs-fietstassen.nl\/produkt\/wijnkoeler-recycled-excellent-grijs\/#breadcrumb"},"inLanguage":"de","potentialAction":[{"@type":"ReadAction","target":["http:\/\/clarijs-fietstassen.nl\/produkt\/wijnkoeler-recycled-excellent-grijs\/"]}]},{"@type":"ImageObject","inLanguage":"de","@id":"http:\/\/clarijs-fietstassen.nl\/produkt\/wijnkoeler-recycled-excellent-grijs\/#primaryimage","url":"https:\/\/clarijs-fietstassen.nl\/wp-content\/uploads\/2024\/04\/Wijnkoeler-excellent-grijs-test.png","contentUrl":"https:\/\/clarijs-fietstassen.nl\/wp-content\/uploads\/2024\/04\/Wijnkoeler-excellent-grijs-test.png","width":1000,"height":1000,"caption":"Weink\u00fchler excellent grey test"},{"@type":"BreadcrumbList","@id":"http:\/\/clarijs-fietstassen.nl\/produkt\/wijnkoeler-recycled-excellent-grijs\/#breadcrumb","itemListElement":[{"@type":"ListItem","position":1,"name":"Home","item":"https:\/\/clarijs-fietstassen.nl\/de\/"},{"@type":"ListItem","position":2,"name":"Shop","item":"https:\/\/clarijs-fietstassen.nl\/de\/shop\/"},{"@type":"ListItem","position":3,"name":"reCYCLEd","item":"https:\/\/clarijs-fietstassen.nl\/recycled\/"},{"@type":"ListItem","position":4,"name":"Weink\u00fchler reCYCLEd &#8211; Excellent Grey"}]},{"@type":"WebSite","@id":"https:\/\/clarijs-fietstassen.nl\/de\/#website","url":"https:\/\/clarijs-fietstassen.nl\/de\/","name":"Clarijs Fietstassen","description":"Kwaliteit &amp; ambacht sinds 1948","publisher":{"@id":"https:\/\/clarijs-fietstassen.nl\/de\/#organization"},"potentialAction":[{"@type":"SearchAction","target":{"@type":"EntryPoint","urlTemplate":"https:\/\/clarijs-fietstassen.nl\/de\/?s={search_term_string}"},"query-input":{"@type":"PropertyValueSpecification","valueRequired":true,"valueName":"search_term_string"}}],"inLanguage":"de"},{"@type":"Organization","@id":"https:\/\/clarijs-fietstassen.nl\/de\/#organization","name":"Clarijs Fietstassen","url":"https:\/\/clarijs-fietstassen.nl\/de\/","logo":{"@type":"ImageObject","inLanguage":"de","@id":"https:\/\/clarijs-fietstassen.nl\/de\/#\/schema\/logo\/image\/","url":"https:\/\/clarijs-fietstassen.nl\/wp-content\/uploads\/2024\/01\/clarijs-logo-met-rand.jpg","contentUrl":"https:\/\/clarijs-fietstassen.nl\/wp-content\/uploads\/2024\/01\/clarijs-logo-met-rand.jpg","width":560,"height":266,"caption":"Clarijs Fietstassen"},"image":{"@id":"https:\/\/clarijs-fietstassen.nl\/de\/#\/schema\/logo\/image\/"},"sameAs":["https:\/\/www.facebook.com\/clarijs1948\/","https:\/\/www.instagram.com\/clarijscovers\/"]}]},"product_price_amount":"25.00","product_price_currency":"EUR","og_availability":"instock","product_availability":"instock","product_retailer_item_id":"4072","product_condition":"new"},"_links":{"self":[{"href":"https:\/\/clarijs-fietstassen.nl\/de\/wp-json\/wp\/v2\/product\/47362","targetHints":{"allow":["GET"]}}],"collection":[{"href":"https:\/\/clarijs-fietstassen.nl\/de\/wp-json\/wp\/v2\/product"}],"about":[{"href":"https:\/\/clarijs-fietstassen.nl\/de\/wp-json\/wp\/v2\/types\/product"}],"replies":[{"embeddable":true,"href":"https:\/\/clarijs-fietstassen.nl\/de\/wp-json\/wp\/v2\/comments?post=47362"}],"wp:featuredmedia":[{"embeddable":true,"href":"https:\/\/clarijs-fietstassen.nl\/de\/wp-json\/wp\/v2\/media\/47363"}],"wp:attachment":[{"href":"https:\/\/clarijs-fietstassen.nl\/de\/wp-json\/wp\/v2\/media?parent=47362"}],"wp:term":[{"taxonomy":"product_brand","embeddable":true,"href":"https:\/\/clarijs-fietstassen.nl\/de\/wp-json\/wp\/v2\/product_brand?post=47362"},{"taxonomy":"product_cat","embeddable":true,"href":"https:\/\/clarijs-fietstassen.nl\/de\/wp-json\/wp\/v2\/product_cat?post=47362"},{"taxonomy":"product_tag","embeddable":true,"href":"https:\/\/clarijs-fietstassen.nl\/de\/wp-json\/wp\/v2\/product_tag?post=47362"}],"curies":[{"name":"wp","href":"https:\/\/api.w.org\/{rel}","templated":true}]}}