{"id":48828,"date":"2023-07-03T14:05:13","date_gmt":"2023-07-03T12:05:13","guid":{"rendered":"https:\/\/clarijs-fietstassen.nl\/plane-fuer-workcycles-kr8\/"},"modified":"2025-09-30T16:38:46","modified_gmt":"2025-09-30T14:38:46","slug":"plane-fuer-workcycles-kr8","status":"publish","type":"product","link":"https:\/\/clarijs-fietstassen.nl\/de\/produkt\/plane-fuer-workcycles-kr8\/","title":{"rendered":"Plane f\u00fcr WorkCycles KR8"},"content":{"rendered":"<p><span style=\"font-weight: 400;\">Die Plane f\u00fcr WorkCycles KR8 ist die perfekte Erg\u00e4nzung f\u00fcr Ihr KR8-Lastenfahrrad, um Ihre Ladung vor allen Wetterbedingungen zu sch\u00fctzen. Speziell von Clarijs Panniers entwickelt, bietet diese hochwertige Plane zuverl\u00e4ssigen und dauerhaften Schutz f\u00fcr Ihre wertvolle Fracht. <\/span><\/p>\n<p><b>Vorteile<\/b> des Plane f\u00fcr WorkCycles KR8:<\/p>\n<ul>\n<li style=\"font-weight: 400;\" aria-level=\"1\"><span style=\"font-weight: 400;\">Die Plane ist wasserfest<\/span><\/li>\n<li style=\"font-weight: 400;\" aria-level=\"1\"><span style=\"font-weight: 400;\">Die Plane hat eine hohe Farbechtheit<\/span><\/li>\n<li style=\"font-weight: 400;\" aria-level=\"1\"><span style=\"font-weight: 400;\">Sie k\u00f6nnen aus vielen verschiedenen Farben w\u00e4hlen<\/span><\/li>\n<\/ul>\n<p><b>100 % wasserdicht<\/b><\/p>\n<p><span style=\"font-weight: 400;\">Die Plane f\u00fcr WorkCycles KR8 ist aus Bisonyl PVC &#8211; Gewebe hergestellt. Die Wasserdichtigkeit des Bisonyl PVC-Gewebes ist auf die Kombination der wasserabweisenden Eigenschaften des PVC-Materials und der dichten Konstruktion des gewebten Stoffes zur\u00fcckzuf\u00fchren. Dadurch bleibt die Ladung oder der Gegenstand, der unter der Plane platziert wird, trocken und gesch\u00fctzt, selbst bei starkem Regen oder anderen nassen Bedingungen.  <\/span><\/p>\n<p><b>Hochwertiges Material<\/b><\/p>\n<ul>\n<li style=\"font-weight: 400;\" aria-level=\"1\"><span style=\"font-weight: 400;\">Die hochwertigen Materialien der Plane sorgen daf\u00fcr, dass sie dem t\u00e4glichen Gebrauch standh\u00e4lt.<\/span><\/li>\n<li style=\"font-weight: 400;\" aria-level=\"1\"><span style=\"font-weight: 400;\">Das PVC-Gewebe ist wasserdicht und bietet hervorragenden Schutz vor Regen und Feuchtigkeit. So bleiben Ihre Habseligkeiten auch bei schlechtem Wetter trocken. <\/span><\/li>\n<li style=\"font-weight: 400;\" aria-level=\"1\"><span style=\"font-weight: 400;\">Das PVC-Gewebe ist stark und h\u00e4lt gro\u00dfen Belastungen stand. Dadurch eignet es sich zum Tragen schwerer Gegenst\u00e4nde oder zum Aufbau stabiler Strukturen. <\/span><\/li>\n<\/ul>\n","protected":false},"excerpt":{"rendered":"<p>Die Plane f\u00fcr WorkCycles KR8 ist die perfekte Erg\u00e4nzung f\u00fcr Ihr KR8-Lastenfahrrad, um Ihre Ladung vor allen Wetterbedingungen zu sch\u00fctzen. Speziell von Clarijs Panniers entwickelt, bietet diese hochwertige Plane zuverl\u00e4ssigen und dauerhaften Schutz f\u00fcr Ihre wertvolle Fracht. Vorteile des Plane f\u00fcr WorkCycles KR8: Die Plane ist wasserfest Die Plane hat eine hohe Farbechtheit Sie k\u00f6nnen [&hellip;]<\/p>\n","protected":false},"featured_media":48831,"comment_status":"closed","ping_status":"closed","template":"","meta":{"_acf_changed":false,"_et_pb_use_builder":"","_et_pb_old_content":"","_et_gb_content_width":""},"product_brand":[],"product_cat":[686,689,738],"product_tag":[],"class_list":{"0":"post-48828","1":"product","2":"type-product","3":"status-publish","4":"has-post-thumbnail","6":"product_cat-bakfiets-de","7":"product_cat-bakfiets-planen","8":"product_cat-kr8-de","9":"pa_kleur-apfelgrun","10":"pa_kleur-azurblau","11":"pa_kleur-bordeaux-rot","12":"pa_kleur-creme-de","13":"pa_kleur-dunkelblau","14":"pa_kleur-feuerwehr-rot","15":"pa_kleur-gelb","16":"pa_kleur-holland-orange-de","17":"pa_kleur-lila","18":"pa_kleur-matt-schwarz-de","19":"pa_kleur-rosa","20":"pa_kleur-schokoladen-braun","21":"pa_kleur-schwarz","22":"pa_kleur-silber-metallic","23":"pa_kleur-weis","24":"pa_materiaal-bisonyl-pvc-leinwand","25":"pa_merk-clarijs-covers-b-v-de","27":"first","28":"instock","29":"taxable","30":"shipping-taxable","31":"purchasable","32":"product-type-variable"},"acf":[],"yoast_head":"<!-- This site is optimized with the Yoast SEO Premium plugin v27.2 (Yoast SEO v27.4) - https:\/\/yoast.com\/product\/yoast-seo-premium-wordpress\/ -->\n<title>Plane f\u00fcr WorkCycles KR8 - Clarijs Fietstassen<\/title>\n<meta name=\"description\" content=\"Die Plane f\u00fcr WorkCycles KR8 wurde entwickelt, um Ihre Ladung vor allen Wetterbedingungen zu sch\u00fctzen. Kaufen Sie sie jetzt bei Clarijs!\" \/>\n<meta name=\"robots\" content=\"index, follow, max-snippet:-1, max-image-preview:large, max-video-preview:-1\" \/>\n<link rel=\"canonical\" href=\"http:\/\/clarijs-fietstassen.nl\/produkt\/afdekzeil-voor-workcycles-kr8\/\" \/>\n<meta property=\"og:locale\" content=\"de_DE\" \/>\n<meta property=\"og:type\" content=\"article\" \/>\n<meta property=\"og:title\" content=\"Plane f\u00fcr WorkCycles KR8\" \/>\n<meta property=\"og:description\" content=\"Die Plane f\u00fcr WorkCycles KR8 wurde entwickelt, um Ihre Ladung vor allen Wetterbedingungen zu sch\u00fctzen. Kaufen Sie sie jetzt bei Clarijs!\" \/>\n<meta property=\"og:url\" content=\"http:\/\/clarijs-fietstassen.nl\/produkt\/afdekzeil-voor-workcycles-kr8\/\" \/>\n<meta property=\"og:site_name\" content=\"Clarijs Fietstassen\" \/>\n<meta property=\"article:publisher\" content=\"https:\/\/www.facebook.com\/clarijs1948\/\" \/>\n<meta property=\"article:modified_time\" content=\"2025-09-30T14:38:46+00:00\" \/>\n<meta property=\"og:image\" content=\"https:\/\/clarijs-fietstassen.nl\/wp-content\/uploads\/2023\/07\/0002954_kr8-by-workcycles-afdekzeil.jpeg\" \/>\n\t<meta property=\"og:image:width\" content=\"640\" \/>\n\t<meta property=\"og:image:height\" content=\"426\" \/>\n\t<meta property=\"og:image:type\" content=\"image\/jpeg\" \/>\n<meta name=\"twitter:card\" content=\"summary_large_image\" \/>\n<meta name=\"twitter:label1\" content=\"Verf\u00fcgbarkeit\" \/>\n\t<meta name=\"twitter:data1\" content=\"Auf Lager\" \/>\n<script type=\"application\/ld+json\" class=\"yoast-schema-graph\">{\"@context\":\"https:\\\/\\\/schema.org\",\"@graph\":[{\"@type\":\"WebPage\",\"@id\":\"http:\\\/\\\/clarijs-fietstassen.nl\\\/produkt\\\/afdekzeil-voor-workcycles-kr8\\\/\",\"url\":\"http:\\\/\\\/clarijs-fietstassen.nl\\\/produkt\\\/afdekzeil-voor-workcycles-kr8\\\/\",\"name\":\"Plane f\u00fcr WorkCycles KR8 - Clarijs Fietstassen\",\"isPartOf\":{\"@id\":\"https:\\\/\\\/clarijs-fietstassen.nl\\\/de\\\/#website\"},\"primaryImageOfPage\":{\"@id\":\"http:\\\/\\\/clarijs-fietstassen.nl\\\/produkt\\\/afdekzeil-voor-workcycles-kr8\\\/#primaryimage\"},\"image\":{\"@id\":\"http:\\\/\\\/clarijs-fietstassen.nl\\\/produkt\\\/afdekzeil-voor-workcycles-kr8\\\/#primaryimage\"},\"thumbnailUrl\":\"https:\\\/\\\/clarijs-fietstassen.nl\\\/wp-content\\\/uploads\\\/2023\\\/07\\\/0002954_kr8-by-workcycles-afdekzeil.jpeg\",\"datePublished\":\"2023-07-03T12:05:13+00:00\",\"dateModified\":\"2025-09-30T14:38:46+00:00\",\"description\":\"Die Plane f\u00fcr WorkCycles KR8 wurde entwickelt, um Ihre Ladung vor allen Wetterbedingungen zu sch\u00fctzen. Kaufen Sie sie jetzt bei Clarijs!\",\"breadcrumb\":{\"@id\":\"http:\\\/\\\/clarijs-fietstassen.nl\\\/produkt\\\/afdekzeil-voor-workcycles-kr8\\\/#breadcrumb\"},\"inLanguage\":\"de\",\"potentialAction\":[{\"@type\":\"ReadAction\",\"target\":[\"http:\\\/\\\/clarijs-fietstassen.nl\\\/produkt\\\/afdekzeil-voor-workcycles-kr8\\\/\"]}]},{\"@type\":\"ImageObject\",\"inLanguage\":\"de\",\"@id\":\"http:\\\/\\\/clarijs-fietstassen.nl\\\/produkt\\\/afdekzeil-voor-workcycles-kr8\\\/#primaryimage\",\"url\":\"https:\\\/\\\/clarijs-fietstassen.nl\\\/wp-content\\\/uploads\\\/2023\\\/07\\\/0002954_kr8-by-workcycles-afdekzeil.jpeg\",\"contentUrl\":\"https:\\\/\\\/clarijs-fietstassen.nl\\\/wp-content\\\/uploads\\\/2023\\\/07\\\/0002954_kr8-by-workcycles-afdekzeil.jpeg\",\"width\":640,\"height\":426,\"caption\":\"Plane f\u00fcr WorkCycles KR8\"},{\"@type\":\"BreadcrumbList\",\"@id\":\"http:\\\/\\\/clarijs-fietstassen.nl\\\/produkt\\\/afdekzeil-voor-workcycles-kr8\\\/#breadcrumb\",\"itemListElement\":[{\"@type\":\"ListItem\",\"position\":1,\"name\":\"Home\",\"item\":\"https:\\\/\\\/clarijs-fietstassen.nl\\\/de\\\/\"},{\"@type\":\"ListItem\",\"position\":2,\"name\":\"Shop\",\"item\":\"https:\\\/\\\/clarijs-fietstassen.nl\\\/de\\\/shop\\\/\"},{\"@type\":\"ListItem\",\"position\":3,\"name\":\"KR8\",\"item\":\"https:\\\/\\\/clarijs-fietstassen.nl\\\/de\\\/kr8-de\\\/\"},{\"@type\":\"ListItem\",\"position\":4,\"name\":\"Plane f\u00fcr WorkCycles KR8\"}]},{\"@type\":\"WebSite\",\"@id\":\"https:\\\/\\\/clarijs-fietstassen.nl\\\/de\\\/#website\",\"url\":\"https:\\\/\\\/clarijs-fietstassen.nl\\\/de\\\/\",\"name\":\"Clarijs Fietstassen\",\"description\":\"Kwaliteit &amp; ambacht sinds 1948\",\"publisher\":{\"@id\":\"https:\\\/\\\/clarijs-fietstassen.nl\\\/de\\\/#organization\"},\"potentialAction\":[{\"@type\":\"SearchAction\",\"target\":{\"@type\":\"EntryPoint\",\"urlTemplate\":\"https:\\\/\\\/clarijs-fietstassen.nl\\\/de\\\/?s={search_term_string}\"},\"query-input\":{\"@type\":\"PropertyValueSpecification\",\"valueRequired\":true,\"valueName\":\"search_term_string\"}}],\"inLanguage\":\"de\"},{\"@type\":\"Organization\",\"@id\":\"https:\\\/\\\/clarijs-fietstassen.nl\\\/de\\\/#organization\",\"name\":\"Clarijs Fietstassen\",\"url\":\"https:\\\/\\\/clarijs-fietstassen.nl\\\/de\\\/\",\"logo\":{\"@type\":\"ImageObject\",\"inLanguage\":\"de\",\"@id\":\"https:\\\/\\\/clarijs-fietstassen.nl\\\/de\\\/#\\\/schema\\\/logo\\\/image\\\/\",\"url\":\"https:\\\/\\\/clarijs-fietstassen.nl\\\/wp-content\\\/uploads\\\/2024\\\/01\\\/clarijs-logo-met-rand.jpg\",\"contentUrl\":\"https:\\\/\\\/clarijs-fietstassen.nl\\\/wp-content\\\/uploads\\\/2024\\\/01\\\/clarijs-logo-met-rand.jpg\",\"width\":560,\"height\":266,\"caption\":\"Clarijs Fietstassen\"},\"image\":{\"@id\":\"https:\\\/\\\/clarijs-fietstassen.nl\\\/de\\\/#\\\/schema\\\/logo\\\/image\\\/\"},\"sameAs\":[\"https:\\\/\\\/www.facebook.com\\\/clarijs1948\\\/\",\"https:\\\/\\\/www.instagram.com\\\/clarijscovers\\\/\"]}]}<\/script>\n<meta property=\"og:availability\" content=\"instock\" \/>\n<meta property=\"product:availability\" content=\"instock\" \/>\n<meta property=\"product:retailer_item_id\" content=\"5045\" \/>\n<meta property=\"product:condition\" content=\"new\" \/>\n<!-- \/ Yoast SEO Premium plugin. -->","yoast_head_json":{"title":"Plane f\u00fcr WorkCycles KR8 - Clarijs Fietstassen","description":"Die Plane f\u00fcr WorkCycles KR8 wurde entwickelt, um Ihre Ladung vor allen Wetterbedingungen zu sch\u00fctzen. Kaufen Sie sie jetzt bei Clarijs!","robots":{"index":"index","follow":"follow","max-snippet":"max-snippet:-1","max-image-preview":"max-image-preview:large","max-video-preview":"max-video-preview:-1"},"canonical":"http:\/\/clarijs-fietstassen.nl\/produkt\/afdekzeil-voor-workcycles-kr8\/","og_locale":"de_DE","og_type":"article","og_title":"Plane f\u00fcr WorkCycles KR8","og_description":"Die Plane f\u00fcr WorkCycles KR8 wurde entwickelt, um Ihre Ladung vor allen Wetterbedingungen zu sch\u00fctzen. Kaufen Sie sie jetzt bei Clarijs!","og_url":"http:\/\/clarijs-fietstassen.nl\/produkt\/afdekzeil-voor-workcycles-kr8\/","og_site_name":"Clarijs Fietstassen","article_publisher":"https:\/\/www.facebook.com\/clarijs1948\/","article_modified_time":"2025-09-30T14:38:46+00:00","og_image":[{"width":640,"height":426,"url":"https:\/\/clarijs-fietstassen.nl\/wp-content\/uploads\/2023\/07\/0002954_kr8-by-workcycles-afdekzeil.jpeg","type":"image\/jpeg"}],"twitter_card":"summary_large_image","twitter_misc":{"Verf\u00fcgbarkeit":"Auf Lager"},"schema":{"@context":"https:\/\/schema.org","@graph":[{"@type":"WebPage","@id":"http:\/\/clarijs-fietstassen.nl\/produkt\/afdekzeil-voor-workcycles-kr8\/","url":"http:\/\/clarijs-fietstassen.nl\/produkt\/afdekzeil-voor-workcycles-kr8\/","name":"Plane f\u00fcr WorkCycles KR8 - Clarijs Fietstassen","isPartOf":{"@id":"https:\/\/clarijs-fietstassen.nl\/de\/#website"},"primaryImageOfPage":{"@id":"http:\/\/clarijs-fietstassen.nl\/produkt\/afdekzeil-voor-workcycles-kr8\/#primaryimage"},"image":{"@id":"http:\/\/clarijs-fietstassen.nl\/produkt\/afdekzeil-voor-workcycles-kr8\/#primaryimage"},"thumbnailUrl":"https:\/\/clarijs-fietstassen.nl\/wp-content\/uploads\/2023\/07\/0002954_kr8-by-workcycles-afdekzeil.jpeg","datePublished":"2023-07-03T12:05:13+00:00","dateModified":"2025-09-30T14:38:46+00:00","description":"Die Plane f\u00fcr WorkCycles KR8 wurde entwickelt, um Ihre Ladung vor allen Wetterbedingungen zu sch\u00fctzen. Kaufen Sie sie jetzt bei Clarijs!","breadcrumb":{"@id":"http:\/\/clarijs-fietstassen.nl\/produkt\/afdekzeil-voor-workcycles-kr8\/#breadcrumb"},"inLanguage":"de","potentialAction":[{"@type":"ReadAction","target":["http:\/\/clarijs-fietstassen.nl\/produkt\/afdekzeil-voor-workcycles-kr8\/"]}]},{"@type":"ImageObject","inLanguage":"de","@id":"http:\/\/clarijs-fietstassen.nl\/produkt\/afdekzeil-voor-workcycles-kr8\/#primaryimage","url":"https:\/\/clarijs-fietstassen.nl\/wp-content\/uploads\/2023\/07\/0002954_kr8-by-workcycles-afdekzeil.jpeg","contentUrl":"https:\/\/clarijs-fietstassen.nl\/wp-content\/uploads\/2023\/07\/0002954_kr8-by-workcycles-afdekzeil.jpeg","width":640,"height":426,"caption":"Plane f\u00fcr WorkCycles KR8"},{"@type":"BreadcrumbList","@id":"http:\/\/clarijs-fietstassen.nl\/produkt\/afdekzeil-voor-workcycles-kr8\/#breadcrumb","itemListElement":[{"@type":"ListItem","position":1,"name":"Home","item":"https:\/\/clarijs-fietstassen.nl\/de\/"},{"@type":"ListItem","position":2,"name":"Shop","item":"https:\/\/clarijs-fietstassen.nl\/de\/shop\/"},{"@type":"ListItem","position":3,"name":"KR8","item":"https:\/\/clarijs-fietstassen.nl\/de\/kr8-de\/"},{"@type":"ListItem","position":4,"name":"Plane f\u00fcr WorkCycles KR8"}]},{"@type":"WebSite","@id":"https:\/\/clarijs-fietstassen.nl\/de\/#website","url":"https:\/\/clarijs-fietstassen.nl\/de\/","name":"Clarijs Fietstassen","description":"Kwaliteit &amp; ambacht sinds 1948","publisher":{"@id":"https:\/\/clarijs-fietstassen.nl\/de\/#organization"},"potentialAction":[{"@type":"SearchAction","target":{"@type":"EntryPoint","urlTemplate":"https:\/\/clarijs-fietstassen.nl\/de\/?s={search_term_string}"},"query-input":{"@type":"PropertyValueSpecification","valueRequired":true,"valueName":"search_term_string"}}],"inLanguage":"de"},{"@type":"Organization","@id":"https:\/\/clarijs-fietstassen.nl\/de\/#organization","name":"Clarijs Fietstassen","url":"https:\/\/clarijs-fietstassen.nl\/de\/","logo":{"@type":"ImageObject","inLanguage":"de","@id":"https:\/\/clarijs-fietstassen.nl\/de\/#\/schema\/logo\/image\/","url":"https:\/\/clarijs-fietstassen.nl\/wp-content\/uploads\/2024\/01\/clarijs-logo-met-rand.jpg","contentUrl":"https:\/\/clarijs-fietstassen.nl\/wp-content\/uploads\/2024\/01\/clarijs-logo-met-rand.jpg","width":560,"height":266,"caption":"Clarijs Fietstassen"},"image":{"@id":"https:\/\/clarijs-fietstassen.nl\/de\/#\/schema\/logo\/image\/"},"sameAs":["https:\/\/www.facebook.com\/clarijs1948\/","https:\/\/www.instagram.com\/clarijscovers\/"]}]},"og_availability":"instock","product_availability":"instock","product_retailer_item_id":"5045","product_condition":"new"},"_links":{"self":[{"href":"https:\/\/clarijs-fietstassen.nl\/de\/wp-json\/wp\/v2\/product\/48828","targetHints":{"allow":["GET"]}}],"collection":[{"href":"https:\/\/clarijs-fietstassen.nl\/de\/wp-json\/wp\/v2\/product"}],"about":[{"href":"https:\/\/clarijs-fietstassen.nl\/de\/wp-json\/wp\/v2\/types\/product"}],"replies":[{"embeddable":true,"href":"https:\/\/clarijs-fietstassen.nl\/de\/wp-json\/wp\/v2\/comments?post=48828"}],"wp:featuredmedia":[{"embeddable":true,"href":"https:\/\/clarijs-fietstassen.nl\/de\/wp-json\/wp\/v2\/media\/48831"}],"wp:attachment":[{"href":"https:\/\/clarijs-fietstassen.nl\/de\/wp-json\/wp\/v2\/media?parent=48828"}],"wp:term":[{"taxonomy":"product_brand","embeddable":true,"href":"https:\/\/clarijs-fietstassen.nl\/de\/wp-json\/wp\/v2\/product_brand?post=48828"},{"taxonomy":"product_cat","embeddable":true,"href":"https:\/\/clarijs-fietstassen.nl\/de\/wp-json\/wp\/v2\/product_cat?post=48828"},{"taxonomy":"product_tag","embeddable":true,"href":"https:\/\/clarijs-fietstassen.nl\/de\/wp-json\/wp\/v2\/product_tag?post=48828"}],"curies":[{"name":"wp","href":"https:\/\/api.w.org\/{rel}","templated":true}]}}