{"id":52246,"date":"2025-04-15T15:37:10","date_gmt":"2025-04-15T13:37:10","guid":{"rendered":"https:\/\/clarijs-fietstassen.nl\/?post_type=product&#038;p=52246"},"modified":"2026-04-22T11:14:46","modified_gmt":"2026-04-22T09:14:46","slug":"regenverdeck-fur-lastenrad-butchers-bicycles-mit-rahmen-kopie","status":"publish","type":"product","link":"https:\/\/clarijs-fietstassen.nl\/de\/produkt\/regenverdeck-fur-lastenrad-butchers-bicycles-mit-rahmen-kopie\/","title":{"rendered":"Regenzelt Butchers &amp; Bicycles ohne Rahmen"},"content":{"rendered":"<p data-start=\"268\" data-end=\"385\">Dieses Regenverdeck ist das Originalmodell, das Clarijs viele Jahre lang exklusiv f\u00fcr Butchers &amp; Bicycles hergestellt hat. Jetzt bieten wir dieses Regenverdeck direkt \u00fcber unseren eigenen Webshop an, sodass du die vertraute Qualit\u00e4t direkt bei uns bestellen kannst. <\/p>\n<p data-start=\"268\" data-end=\"385\">Bitte beachten: Diese Regenhaube wird mit 12 <strong>Druckkn\u00f6pfen <\/strong>an der Box befestigt. Bitte pr\u00fcfen Sie sorgf\u00e4ltig, ob dies zu Ihrem Butchers &amp; Bicycles Lastenrad passt.<\/p>\n<p><b>Vorteile<\/b><\/p>\n<ul>\n<li style=\"font-weight: 400;\" aria-level=\"1\"><span style=\"font-weight: 400;\">Gro\u00dfes Sky-View-Fenster f\u00fcr optimale Sicht auf deine Kinder und sicheres Fahren.<\/span><\/li>\n<li aria-level=\"1\"><strong>Praktische Abdeckhaube<\/strong> zur einfachen Aufbewahrung, wenn das Zelt nicht in Gebrauch ist.<\/li>\n<li aria-level=\"1\"><span style=\"font-weight: 400;\">Zus\u00e4tzlicher Schutz f\u00fcr Ihr Hab und Gut und Ihr Fahrrad.<\/span><\/li>\n<li style=\"font-weight: 400;\" aria-level=\"1\"><span style=\"font-weight: 400;\">Zus\u00e4tzlicher Schutz f\u00fcr deine Ladung und dein Rad.<\/span><\/li>\n<li style=\"font-weight: 400;\" aria-level=\"1\"><span style=\"font-weight: 400;\">K\u00f6nnen zu mehr Sicherheit beim Radfahren beitragen.<\/span><\/li>\n<li aria-level=\"1\"><strong>Geeignet f\u00fcr die Modelle MK1 und MK1-E<\/strong><\/li>\n<\/ul>\n<p>Sch\u00fctze deine Kinder und deine Sachen vor Regen und K\u00e4lte mit dem Butchers &amp; Bicycles Regenverdeck. Dieses Regenverdeck wurde speziell daf\u00fcr entwickelt, dein Lastenrad das ganze Jahr \u00fcber zu sch\u00fctzen, damit du bei jedem Wetter unbesorgt weiterfahren kannst. <\/p>\n","protected":false},"excerpt":{"rendered":"<p>Dieses Regenverdeck ist das Originalmodell, das Clarijs viele Jahre lang exklusiv f\u00fcr Butchers &amp; Bicycles hergestellt hat. Jetzt bieten wir dieses Regenverdeck direkt \u00fcber unseren eigenen Webshop an, sodass du die vertraute Qualit\u00e4t direkt bei uns bestellen kannst. Bitte beachten: Diese Regenhaube wird mit 12 Druckkn\u00f6pfen an der Box befestigt. Bitte pr\u00fcfen Sie sorgf\u00e4ltig, ob [&hellip;]<\/p>\n","protected":false},"featured_media":51556,"comment_status":"closed","ping_status":"closed","template":"","meta":{"_acf_changed":false,"_et_pb_use_builder":"off","_et_pb_old_content":"<span style=\"font-weight: 400\">Gro\u00dfes Sky-View-Fenster f\u00fcr optimale Sicht auf deine Kinder und sicheres Fahren. <\/span>\n\n<b>Vorteile<\/b>\n<ul>\n \t<li style=\"font-weight: 400\"><span style=\"font-weight: 400\">Zus\u00e4tzlicher Schutz f\u00fcr Ihr Hab und Gut und Ihr Fahrrad<\/span><\/li>\n \t<li style=\"font-weight: 400\"><span style=\"font-weight: 400\">kann die Lebensdauer Ihres Lastenfahrrads verl\u00e4ngern<\/span><\/li>\n \t<li style=\"font-weight: 400\"><span style=\"font-weight: 400\">k\u00f6nnen zu mehr Sicherheit beim Radfahren beitragen<\/span><\/li>\n<\/ul>\n<span style=\"font-weight: 400\">Verbessere dein Fahrerlebnis mit einem Butchers & Bicycles Lastenrad-Regenzelt. <\/span>","_et_gb_content_width":""},"product_brand":[],"product_cat":[686,699,690],"product_tag":[],"class_list":{"0":"post-52246","1":"product","2":"type-product","3":"status-publish","4":"has-post-thumbnail","6":"product_cat-bakfiets-de","7":"product_cat-butchers-bicycles-de","8":"product_cat-lastenrad-regenverdeck","9":"pa_geschikt-voor-e-bike-ja-de","10":"pa_kleur-schwarz","11":"pa_materiaal-acryl-de","12":"pa_merk-clarijs-covers-b-v-de","14":"first","15":"instock","16":"taxable","17":"shipping-taxable","18":"purchasable","19":"product-type-simple"},"acf":[],"yoast_head":"<!-- This site is optimized with the Yoast SEO Premium plugin v27.2 (Yoast SEO v27.4) - https:\/\/yoast.com\/product\/yoast-seo-premium-wordpress\/ -->\n<title>Regenzelt Butchers &amp; Bicycles ohne Rahmen - Clarijs Fietstassen<\/title>\n<meta name=\"description\" content=\"Wasserabweisendes Verdeck f\u00fcr Wetterschutz mit einem gro\u00dfen Sky-View-Fenster f\u00fcr dein Butchers &amp; Bicycles Lastenrad.\" \/>\n<meta name=\"robots\" content=\"index, follow, max-snippet:-1, max-image-preview:large, max-video-preview:-1\" \/>\n<link rel=\"canonical\" href=\"https:\/\/clarijs-fietstassen.nl\/de\/regenverdeck-fur-lastenrad-butchers-bicycles-mit-rahmen-kopie\/\" \/>\n<meta property=\"og:locale\" content=\"de_DE\" \/>\n<meta property=\"og:type\" content=\"article\" \/>\n<meta property=\"og:title\" content=\"Regenzelt Butchers &amp; Bicycles ohne Rahmen\" \/>\n<meta property=\"og:description\" content=\"Wasserabweisendes Verdeck f\u00fcr Wetterschutz mit einem gro\u00dfen Sky-View-Fenster f\u00fcr dein Butchers &amp; Bicycles Lastenrad.\" \/>\n<meta property=\"og:url\" content=\"https:\/\/clarijs-fietstassen.nl\/de\/regenverdeck-fur-lastenrad-butchers-bicycles-mit-rahmen-kopie\/\" \/>\n<meta property=\"og:site_name\" content=\"Clarijs Fietstassen\" \/>\n<meta property=\"article:publisher\" content=\"https:\/\/www.facebook.com\/clarijs1948\/\" \/>\n<meta property=\"article:modified_time\" content=\"2026-04-22T09:14:46+00:00\" \/>\n<meta property=\"og:image\" content=\"https:\/\/clarijs-fietstassen.nl\/wp-content\/uploads\/2023\/08\/Hood-with-skyview-Side-Angle_1903x-300x300-1.jpg\" \/>\n\t<meta property=\"og:image:width\" content=\"300\" \/>\n\t<meta property=\"og:image:height\" content=\"300\" \/>\n\t<meta property=\"og:image:type\" content=\"image\/jpeg\" \/>\n<meta name=\"twitter:card\" content=\"summary_large_image\" \/>\n<meta name=\"twitter:label1\" content=\"Preis\" \/>\n\t<meta name=\"twitter:data1\" content=\"&euro;250.00\" \/>\n\t<meta name=\"twitter:label2\" content=\"Verf\u00fcgbarkeit\" \/>\n\t<meta name=\"twitter:data2\" content=\"Auf Lager\" \/>\n<script type=\"application\/ld+json\" class=\"yoast-schema-graph\">{\"@context\":\"https:\\\/\\\/schema.org\",\"@graph\":[{\"@type\":\"WebPage\",\"@id\":\"https:\\\/\\\/clarijs-fietstassen.nl\\\/de\\\/regenverdeck-fur-lastenrad-butchers-bicycles-mit-rahmen-kopie\\\/\",\"url\":\"https:\\\/\\\/clarijs-fietstassen.nl\\\/de\\\/regenverdeck-fur-lastenrad-butchers-bicycles-mit-rahmen-kopie\\\/\",\"name\":\"Regenzelt Butchers &amp; Bicycles ohne Rahmen - Clarijs Fietstassen\",\"isPartOf\":{\"@id\":\"https:\\\/\\\/clarijs-fietstassen.nl\\\/de\\\/#website\"},\"primaryImageOfPage\":{\"@id\":\"https:\\\/\\\/clarijs-fietstassen.nl\\\/de\\\/regenverdeck-fur-lastenrad-butchers-bicycles-mit-rahmen-kopie\\\/#primaryimage\"},\"image\":{\"@id\":\"https:\\\/\\\/clarijs-fietstassen.nl\\\/de\\\/regenverdeck-fur-lastenrad-butchers-bicycles-mit-rahmen-kopie\\\/#primaryimage\"},\"thumbnailUrl\":\"https:\\\/\\\/clarijs-fietstassen.nl\\\/wp-content\\\/uploads\\\/2023\\\/08\\\/Hood-with-skyview-Side-Angle_1903x-300x300-1.jpg\",\"datePublished\":\"2025-04-15T13:37:10+00:00\",\"dateModified\":\"2026-04-22T09:14:46+00:00\",\"description\":\"Wasserabweisendes Verdeck f\u00fcr Wetterschutz mit einem gro\u00dfen Sky-View-Fenster f\u00fcr dein Butchers & Bicycles Lastenrad.\",\"breadcrumb\":{\"@id\":\"https:\\\/\\\/clarijs-fietstassen.nl\\\/de\\\/regenverdeck-fur-lastenrad-butchers-bicycles-mit-rahmen-kopie\\\/#breadcrumb\"},\"inLanguage\":\"de\",\"potentialAction\":[{\"@type\":\"ReadAction\",\"target\":[\"https:\\\/\\\/clarijs-fietstassen.nl\\\/de\\\/regenverdeck-fur-lastenrad-butchers-bicycles-mit-rahmen-kopie\\\/\"]}]},{\"@type\":\"ImageObject\",\"inLanguage\":\"de\",\"@id\":\"https:\\\/\\\/clarijs-fietstassen.nl\\\/de\\\/regenverdeck-fur-lastenrad-butchers-bicycles-mit-rahmen-kopie\\\/#primaryimage\",\"url\":\"https:\\\/\\\/clarijs-fietstassen.nl\\\/wp-content\\\/uploads\\\/2023\\\/08\\\/Hood-with-skyview-Side-Angle_1903x-300x300-1.jpg\",\"contentUrl\":\"https:\\\/\\\/clarijs-fietstassen.nl\\\/wp-content\\\/uploads\\\/2023\\\/08\\\/Hood-with-skyview-Side-Angle_1903x-300x300-1.jpg\",\"width\":300,\"height\":300,\"caption\":\"Regenzelt f\u00fcr Butchers &amp; Bicycles Lastenrad\"},{\"@type\":\"BreadcrumbList\",\"@id\":\"https:\\\/\\\/clarijs-fietstassen.nl\\\/de\\\/regenverdeck-fur-lastenrad-butchers-bicycles-mit-rahmen-kopie\\\/#breadcrumb\",\"itemListElement\":[{\"@type\":\"ListItem\",\"position\":1,\"name\":\"Home\",\"item\":\"https:\\\/\\\/clarijs-fietstassen.nl\\\/de\\\/\"},{\"@type\":\"ListItem\",\"position\":2,\"name\":\"Shop\",\"item\":\"https:\\\/\\\/clarijs-fietstassen.nl\\\/de\\\/shop\\\/\"},{\"@type\":\"ListItem\",\"position\":3,\"name\":\"Butchers &amp; Bicycles\",\"item\":\"https:\\\/\\\/clarijs-fietstassen.nl\\\/butchers-bicycles-regenhuif\\\/\"},{\"@type\":\"ListItem\",\"position\":4,\"name\":\"Regenzelt Butchers &amp; Bicycles ohne Rahmen\"}]},{\"@type\":\"WebSite\",\"@id\":\"https:\\\/\\\/clarijs-fietstassen.nl\\\/de\\\/#website\",\"url\":\"https:\\\/\\\/clarijs-fietstassen.nl\\\/de\\\/\",\"name\":\"Clarijs Fietstassen\",\"description\":\"Kwaliteit &amp; ambacht sinds 1948\",\"publisher\":{\"@id\":\"https:\\\/\\\/clarijs-fietstassen.nl\\\/de\\\/#organization\"},\"potentialAction\":[{\"@type\":\"SearchAction\",\"target\":{\"@type\":\"EntryPoint\",\"urlTemplate\":\"https:\\\/\\\/clarijs-fietstassen.nl\\\/de\\\/?s={search_term_string}\"},\"query-input\":{\"@type\":\"PropertyValueSpecification\",\"valueRequired\":true,\"valueName\":\"search_term_string\"}}],\"inLanguage\":\"de\"},{\"@type\":\"Organization\",\"@id\":\"https:\\\/\\\/clarijs-fietstassen.nl\\\/de\\\/#organization\",\"name\":\"Clarijs Fietstassen\",\"url\":\"https:\\\/\\\/clarijs-fietstassen.nl\\\/de\\\/\",\"logo\":{\"@type\":\"ImageObject\",\"inLanguage\":\"de\",\"@id\":\"https:\\\/\\\/clarijs-fietstassen.nl\\\/de\\\/#\\\/schema\\\/logo\\\/image\\\/\",\"url\":\"https:\\\/\\\/clarijs-fietstassen.nl\\\/wp-content\\\/uploads\\\/2024\\\/01\\\/clarijs-logo-met-rand.jpg\",\"contentUrl\":\"https:\\\/\\\/clarijs-fietstassen.nl\\\/wp-content\\\/uploads\\\/2024\\\/01\\\/clarijs-logo-met-rand.jpg\",\"width\":560,\"height\":266,\"caption\":\"Clarijs Fietstassen\"},\"image\":{\"@id\":\"https:\\\/\\\/clarijs-fietstassen.nl\\\/de\\\/#\\\/schema\\\/logo\\\/image\\\/\"},\"sameAs\":[\"https:\\\/\\\/www.facebook.com\\\/clarijs1948\\\/\",\"https:\\\/\\\/www.instagram.com\\\/clarijscovers\\\/\"]}]}<\/script>\n<meta property=\"product:price:amount\" content=\"250.00\" \/>\n<meta property=\"product:price:currency\" content=\"EUR\" \/>\n<meta property=\"og:availability\" content=\"instock\" \/>\n<meta property=\"product:availability\" content=\"instock\" \/>\n<meta property=\"product:retailer_item_id\" content=\"5100\" \/>\n<meta property=\"product:condition\" content=\"new\" \/>\n<!-- \/ Yoast SEO Premium plugin. -->","yoast_head_json":{"title":"Regenzelt Butchers &amp; Bicycles ohne Rahmen - Clarijs Fietstassen","description":"Wasserabweisendes Verdeck f\u00fcr Wetterschutz mit einem gro\u00dfen Sky-View-Fenster f\u00fcr dein Butchers & Bicycles Lastenrad.","robots":{"index":"index","follow":"follow","max-snippet":"max-snippet:-1","max-image-preview":"max-image-preview:large","max-video-preview":"max-video-preview:-1"},"canonical":"https:\/\/clarijs-fietstassen.nl\/de\/regenverdeck-fur-lastenrad-butchers-bicycles-mit-rahmen-kopie\/","og_locale":"de_DE","og_type":"article","og_title":"Regenzelt Butchers &amp; Bicycles ohne Rahmen","og_description":"Wasserabweisendes Verdeck f\u00fcr Wetterschutz mit einem gro\u00dfen Sky-View-Fenster f\u00fcr dein Butchers & Bicycles Lastenrad.","og_url":"https:\/\/clarijs-fietstassen.nl\/de\/regenverdeck-fur-lastenrad-butchers-bicycles-mit-rahmen-kopie\/","og_site_name":"Clarijs Fietstassen","article_publisher":"https:\/\/www.facebook.com\/clarijs1948\/","article_modified_time":"2026-04-22T09:14:46+00:00","og_image":[{"width":300,"height":300,"url":"https:\/\/clarijs-fietstassen.nl\/wp-content\/uploads\/2023\/08\/Hood-with-skyview-Side-Angle_1903x-300x300-1.jpg","type":"image\/jpeg"}],"twitter_card":"summary_large_image","twitter_misc":{"Preis":"&euro;250.00","Verf\u00fcgbarkeit":"Auf Lager"},"schema":{"@context":"https:\/\/schema.org","@graph":[{"@type":"WebPage","@id":"https:\/\/clarijs-fietstassen.nl\/de\/regenverdeck-fur-lastenrad-butchers-bicycles-mit-rahmen-kopie\/","url":"https:\/\/clarijs-fietstassen.nl\/de\/regenverdeck-fur-lastenrad-butchers-bicycles-mit-rahmen-kopie\/","name":"Regenzelt Butchers &amp; Bicycles ohne Rahmen - Clarijs Fietstassen","isPartOf":{"@id":"https:\/\/clarijs-fietstassen.nl\/de\/#website"},"primaryImageOfPage":{"@id":"https:\/\/clarijs-fietstassen.nl\/de\/regenverdeck-fur-lastenrad-butchers-bicycles-mit-rahmen-kopie\/#primaryimage"},"image":{"@id":"https:\/\/clarijs-fietstassen.nl\/de\/regenverdeck-fur-lastenrad-butchers-bicycles-mit-rahmen-kopie\/#primaryimage"},"thumbnailUrl":"https:\/\/clarijs-fietstassen.nl\/wp-content\/uploads\/2023\/08\/Hood-with-skyview-Side-Angle_1903x-300x300-1.jpg","datePublished":"2025-04-15T13:37:10+00:00","dateModified":"2026-04-22T09:14:46+00:00","description":"Wasserabweisendes Verdeck f\u00fcr Wetterschutz mit einem gro\u00dfen Sky-View-Fenster f\u00fcr dein Butchers & Bicycles Lastenrad.","breadcrumb":{"@id":"https:\/\/clarijs-fietstassen.nl\/de\/regenverdeck-fur-lastenrad-butchers-bicycles-mit-rahmen-kopie\/#breadcrumb"},"inLanguage":"de","potentialAction":[{"@type":"ReadAction","target":["https:\/\/clarijs-fietstassen.nl\/de\/regenverdeck-fur-lastenrad-butchers-bicycles-mit-rahmen-kopie\/"]}]},{"@type":"ImageObject","inLanguage":"de","@id":"https:\/\/clarijs-fietstassen.nl\/de\/regenverdeck-fur-lastenrad-butchers-bicycles-mit-rahmen-kopie\/#primaryimage","url":"https:\/\/clarijs-fietstassen.nl\/wp-content\/uploads\/2023\/08\/Hood-with-skyview-Side-Angle_1903x-300x300-1.jpg","contentUrl":"https:\/\/clarijs-fietstassen.nl\/wp-content\/uploads\/2023\/08\/Hood-with-skyview-Side-Angle_1903x-300x300-1.jpg","width":300,"height":300,"caption":"Regenzelt f\u00fcr Butchers &amp; Bicycles Lastenrad"},{"@type":"BreadcrumbList","@id":"https:\/\/clarijs-fietstassen.nl\/de\/regenverdeck-fur-lastenrad-butchers-bicycles-mit-rahmen-kopie\/#breadcrumb","itemListElement":[{"@type":"ListItem","position":1,"name":"Home","item":"https:\/\/clarijs-fietstassen.nl\/de\/"},{"@type":"ListItem","position":2,"name":"Shop","item":"https:\/\/clarijs-fietstassen.nl\/de\/shop\/"},{"@type":"ListItem","position":3,"name":"Butchers &amp; Bicycles","item":"https:\/\/clarijs-fietstassen.nl\/butchers-bicycles-regenhuif\/"},{"@type":"ListItem","position":4,"name":"Regenzelt Butchers &amp; Bicycles ohne Rahmen"}]},{"@type":"WebSite","@id":"https:\/\/clarijs-fietstassen.nl\/de\/#website","url":"https:\/\/clarijs-fietstassen.nl\/de\/","name":"Clarijs Fietstassen","description":"Kwaliteit &amp; ambacht sinds 1948","publisher":{"@id":"https:\/\/clarijs-fietstassen.nl\/de\/#organization"},"potentialAction":[{"@type":"SearchAction","target":{"@type":"EntryPoint","urlTemplate":"https:\/\/clarijs-fietstassen.nl\/de\/?s={search_term_string}"},"query-input":{"@type":"PropertyValueSpecification","valueRequired":true,"valueName":"search_term_string"}}],"inLanguage":"de"},{"@type":"Organization","@id":"https:\/\/clarijs-fietstassen.nl\/de\/#organization","name":"Clarijs Fietstassen","url":"https:\/\/clarijs-fietstassen.nl\/de\/","logo":{"@type":"ImageObject","inLanguage":"de","@id":"https:\/\/clarijs-fietstassen.nl\/de\/#\/schema\/logo\/image\/","url":"https:\/\/clarijs-fietstassen.nl\/wp-content\/uploads\/2024\/01\/clarijs-logo-met-rand.jpg","contentUrl":"https:\/\/clarijs-fietstassen.nl\/wp-content\/uploads\/2024\/01\/clarijs-logo-met-rand.jpg","width":560,"height":266,"caption":"Clarijs Fietstassen"},"image":{"@id":"https:\/\/clarijs-fietstassen.nl\/de\/#\/schema\/logo\/image\/"},"sameAs":["https:\/\/www.facebook.com\/clarijs1948\/","https:\/\/www.instagram.com\/clarijscovers\/"]}]},"product_price_amount":"250.00","product_price_currency":"EUR","og_availability":"instock","product_availability":"instock","product_retailer_item_id":"5100","product_condition":"new"},"_links":{"self":[{"href":"https:\/\/clarijs-fietstassen.nl\/de\/wp-json\/wp\/v2\/product\/52246","targetHints":{"allow":["GET"]}}],"collection":[{"href":"https:\/\/clarijs-fietstassen.nl\/de\/wp-json\/wp\/v2\/product"}],"about":[{"href":"https:\/\/clarijs-fietstassen.nl\/de\/wp-json\/wp\/v2\/types\/product"}],"replies":[{"embeddable":true,"href":"https:\/\/clarijs-fietstassen.nl\/de\/wp-json\/wp\/v2\/comments?post=52246"}],"wp:featuredmedia":[{"embeddable":true,"href":"https:\/\/clarijs-fietstassen.nl\/de\/wp-json\/wp\/v2\/media\/51556"}],"wp:attachment":[{"href":"https:\/\/clarijs-fietstassen.nl\/de\/wp-json\/wp\/v2\/media?parent=52246"}],"wp:term":[{"taxonomy":"product_brand","embeddable":true,"href":"https:\/\/clarijs-fietstassen.nl\/de\/wp-json\/wp\/v2\/product_brand?post=52246"},{"taxonomy":"product_cat","embeddable":true,"href":"https:\/\/clarijs-fietstassen.nl\/de\/wp-json\/wp\/v2\/product_cat?post=52246"},{"taxonomy":"product_tag","embeddable":true,"href":"https:\/\/clarijs-fietstassen.nl\/de\/wp-json\/wp\/v2\/product_tag?post=52246"}],"curies":[{"name":"wp","href":"https:\/\/api.w.org\/{rel}","templated":true}]}}