{"id":57753,"date":"2025-10-06T13:00:28","date_gmt":"2025-10-06T11:00:28","guid":{"rendered":"https:\/\/clarijs-fietstassen.nl\/?post_type=product&#038;p=57753"},"modified":"2026-04-29T10:28:46","modified_gmt":"2026-04-29T08:28:46","slug":"outlet-doppelte-fahrradtasche-schwarz","status":"publish","type":"product","link":"https:\/\/clarijs-fietstassen.nl\/de\/produkt\/outlet-doppelte-fahrradtasche-schwarz\/","title":{"rendered":"Outlet &#8211; Doppelte Fahrradtasche Schwarz"},"content":{"rendered":"<p data-start=\"180\" data-end=\"535\">Die Outlet \u2013 Doppelte Fahrradtasche Schwarz ist eine handgefertigte und voll funktionsf\u00e4hige Fahrradtasche von Clarijs. Dieses Exemplar weist kleine Sch\u00f6nheitsfehler wie leichte Kratzer auf und geh\u00f6rt daher zu unserem Outlet. Mit 35% Rabatt genie\u00dfen Sie dieselbe Qualit\u00e4t und Haltbarkeit \u2013 jetzt besonders g\u00fcnstig.<\/p>\n<p data-start=\"537\" data-end=\"871\">Die Tasche ist in zeitlosem Schwarz gehalten. Ihr ger\u00e4umiger Inhalt bietet gen\u00fcgend Platz f\u00fcr Eink\u00e4ufe, Sportausr\u00fcstung oder Ihre t\u00e4glichen Arbeitsutensilien. Dank der robusten Materialien und der guten Verarbeitung kann die Tasche Wind und Wetter trotzen und ist somit perfekt f\u00fcr den t\u00e4glichen Gebrauch geeignet.<\/p>\n<p data-start=\"873\" data-end=\"1070\">Wie alle Clarijs Fahrradtaschen wird auch dieses Outlet-Modell in den Niederlanden aus hochwertigen EU-Materialien handgefertigt. Mit diesem Outlet-Angebot erhalten Sie Spitzenqualit\u00e4t zu einem reduzierten Preis.<\/p>\n<p data-start=\"1082\" data-end=\"1143\"><strong data-start=\"1082\" data-end=\"1141\">Sind Outlet-Fahrradtaschen trotzdem von guter Qualit\u00e4t?<\/strong><\/p>\n<ul data-start=\"1144\" data-end=\"1336\">\n<li data-start=\"1144\" data-end=\"1206\">\n<p data-start=\"1146\" data-end=\"1206\">Outlet-Modell mit 35% Rabatt aufgrund kleiner Sch\u00f6nheitsfehler<\/p>\n<\/li>\n<li data-start=\"1144\" data-end=\"1206\">Handgefertigt in den Niederlanden aus starken Materialien<\/li>\n<li data-start=\"1258\" data-end=\"1284\">\n<p data-start=\"1260\" data-end=\"1284\">Gr\u00f6\u00dfe: Innen 36 \u00d7 18 \u00d7 32 cm | Au\u00dfen 40 \u00d7 20 \u00d7 33 cm<\/p>\n<\/li>\n<\/ul>\n<p data-start=\"1072\" data-end=\"1088\">\n","protected":false},"excerpt":{"rendered":"<p>Die Outlet \u2013 Doppelte Fahrradtasche Schwarz ist eine handgefertigte und voll funktionsf\u00e4hige Fahrradtasche von Clarijs. Dieses Exemplar weist kleine Sch\u00f6nheitsfehler wie leichte Kratzer auf und geh\u00f6rt daher zu unserem Outlet. Mit 35% Rabatt genie\u00dfen Sie dieselbe Qualit\u00e4t und Haltbarkeit \u2013 jetzt besonders g\u00fcnstig. Die Tasche ist in zeitlosem Schwarz gehalten. Ihr ger\u00e4umiger Inhalt bietet gen\u00fcgend [&hellip;]<\/p>\n","protected":false},"featured_media":57711,"comment_status":"open","ping_status":"closed","template":"","meta":{"_acf_changed":false,"_et_pb_use_builder":"","_et_pb_old_content":"","_et_gb_content_width":""},"product_brand":[],"product_cat":[879,714,939],"product_tag":[],"class_list":{"0":"post-57753","1":"product","2":"type-product","3":"status-publish","4":"has-post-thumbnail","6":"product_cat-deals","7":"product_cat-doppelte-fahrradtaschen","8":"product_cat-de-outlet","10":"first","11":"instock","12":"taxable","13":"shipping-taxable","14":"purchasable","15":"product-type-simple"},"acf":[],"yoast_head":"<!-- This site is optimized with the Yoast SEO Premium plugin v27.2 (Yoast SEO v27.5) - https:\/\/yoast.com\/product\/yoast-seo-premium-wordpress\/ -->\n<title>Outlet - Doppelte Fahrradtasche Schwarz - Clarijs Fietstassen<\/title>\n<meta name=\"description\" content=\"Outlet doppelte Fahrradtasche Schwarz jetzt mit 35% Rabatt. Handgefertigt in den Niederlanden, langlebig und besonders preisg\u00fcnstig. Bestellen Sie jetzt!\" \/>\n<meta name=\"robots\" content=\"index, follow, max-snippet:-1, max-image-preview:large, max-video-preview:-1\" \/>\n<link rel=\"canonical\" href=\"https:\/\/clarijs-fietstassen.nl\/de\/outlet-doppelte-fahrradtasche-schwarz\/\" \/>\n<meta property=\"og:locale\" content=\"de_DE\" \/>\n<meta property=\"og:type\" content=\"article\" \/>\n<meta property=\"og:title\" content=\"Outlet - Doppelte Fahrradtasche Schwarz\" \/>\n<meta property=\"og:description\" content=\"Outlet doppelte Fahrradtasche Schwarz jetzt mit 35% Rabatt. Handgefertigt in den Niederlanden, langlebig und besonders preisg\u00fcnstig. Bestellen Sie jetzt!\" \/>\n<meta property=\"og:url\" content=\"https:\/\/clarijs-fietstassen.nl\/de\/outlet-doppelte-fahrradtasche-schwarz\/\" \/>\n<meta property=\"og:site_name\" content=\"Clarijs Fietstassen\" \/>\n<meta property=\"article:publisher\" content=\"https:\/\/www.facebook.com\/clarijs1948\/\" \/>\n<meta property=\"article:modified_time\" content=\"2026-04-29T08:28:46+00:00\" \/>\n<meta property=\"og:image\" content=\"https:\/\/clarijs-fietstassen.nl\/wp-content\/uploads\/2025\/10\/categoriefoto.png\" \/>\n\t<meta property=\"og:image:width\" content=\"1000\" \/>\n\t<meta property=\"og:image:height\" content=\"1000\" \/>\n\t<meta property=\"og:image:type\" content=\"image\/png\" \/>\n<meta name=\"twitter:card\" content=\"summary_large_image\" \/>\n<meta name=\"twitter:label1\" content=\"Preis\" \/>\n\t<meta name=\"twitter:data1\" content=\"&euro;44.85\" \/>\n\t<meta name=\"twitter:label2\" content=\"Verf\u00fcgbarkeit\" \/>\n\t<meta name=\"twitter:data2\" content=\"Auf Lager\" \/>\n<script type=\"application\/ld+json\" class=\"yoast-schema-graph\">{\"@context\":\"https:\\\/\\\/schema.org\",\"@graph\":[{\"@type\":\"WebPage\",\"@id\":\"https:\\\/\\\/clarijs-fietstassen.nl\\\/de\\\/outlet-doppelte-fahrradtasche-schwarz\\\/\",\"url\":\"https:\\\/\\\/clarijs-fietstassen.nl\\\/de\\\/outlet-doppelte-fahrradtasche-schwarz\\\/\",\"name\":\"Outlet - Doppelte Fahrradtasche Schwarz - Clarijs Fietstassen\",\"isPartOf\":{\"@id\":\"https:\\\/\\\/clarijs-fietstassen.nl\\\/de\\\/#website\"},\"primaryImageOfPage\":{\"@id\":\"https:\\\/\\\/clarijs-fietstassen.nl\\\/de\\\/outlet-doppelte-fahrradtasche-schwarz\\\/#primaryimage\"},\"image\":{\"@id\":\"https:\\\/\\\/clarijs-fietstassen.nl\\\/de\\\/outlet-doppelte-fahrradtasche-schwarz\\\/#primaryimage\"},\"thumbnailUrl\":\"https:\\\/\\\/clarijs-fietstassen.nl\\\/wp-content\\\/uploads\\\/2025\\\/10\\\/categoriefoto.png\",\"datePublished\":\"2025-10-06T11:00:28+00:00\",\"dateModified\":\"2026-04-29T08:28:46+00:00\",\"description\":\"Outlet doppelte Fahrradtasche Schwarz jetzt mit 35% Rabatt. Handgefertigt in den Niederlanden, langlebig und besonders preisg\u00fcnstig. Bestellen Sie jetzt!\",\"breadcrumb\":{\"@id\":\"https:\\\/\\\/clarijs-fietstassen.nl\\\/de\\\/outlet-doppelte-fahrradtasche-schwarz\\\/#breadcrumb\"},\"inLanguage\":\"de\",\"potentialAction\":[{\"@type\":\"ReadAction\",\"target\":[\"https:\\\/\\\/clarijs-fietstassen.nl\\\/de\\\/outlet-doppelte-fahrradtasche-schwarz\\\/\"]}]},{\"@type\":\"ImageObject\",\"inLanguage\":\"de\",\"@id\":\"https:\\\/\\\/clarijs-fietstassen.nl\\\/de\\\/outlet-doppelte-fahrradtasche-schwarz\\\/#primaryimage\",\"url\":\"https:\\\/\\\/clarijs-fietstassen.nl\\\/wp-content\\\/uploads\\\/2025\\\/10\\\/categoriefoto.png\",\"contentUrl\":\"https:\\\/\\\/clarijs-fietstassen.nl\\\/wp-content\\\/uploads\\\/2025\\\/10\\\/categoriefoto.png\",\"width\":1000,\"height\":1000,\"caption\":\"Outlet \u2013 Doppelte Fahrradtasche Schwarz XL\"},{\"@type\":\"BreadcrumbList\",\"@id\":\"https:\\\/\\\/clarijs-fietstassen.nl\\\/de\\\/outlet-doppelte-fahrradtasche-schwarz\\\/#breadcrumb\",\"itemListElement\":[{\"@type\":\"ListItem\",\"position\":1,\"name\":\"Home\",\"item\":\"https:\\\/\\\/clarijs-fietstassen.nl\\\/de\\\/\"},{\"@type\":\"ListItem\",\"position\":2,\"name\":\"Shop\",\"item\":\"https:\\\/\\\/clarijs-fietstassen.nl\\\/de\\\/shop\\\/\"},{\"@type\":\"ListItem\",\"position\":3,\"name\":\"Deals\",\"item\":\"https:\\\/\\\/clarijs-fietstassen.nl\\\/deals\\\/\"},{\"@type\":\"ListItem\",\"position\":4,\"name\":\"Outlet &#8211; Doppelte Fahrradtasche Schwarz\"}]},{\"@type\":\"WebSite\",\"@id\":\"https:\\\/\\\/clarijs-fietstassen.nl\\\/de\\\/#website\",\"url\":\"https:\\\/\\\/clarijs-fietstassen.nl\\\/de\\\/\",\"name\":\"Clarijs Fietstassen\",\"description\":\"Kwaliteit &amp; ambacht sinds 1948\",\"publisher\":{\"@id\":\"https:\\\/\\\/clarijs-fietstassen.nl\\\/de\\\/#organization\"},\"potentialAction\":[{\"@type\":\"SearchAction\",\"target\":{\"@type\":\"EntryPoint\",\"urlTemplate\":\"https:\\\/\\\/clarijs-fietstassen.nl\\\/de\\\/?s={search_term_string}\"},\"query-input\":{\"@type\":\"PropertyValueSpecification\",\"valueRequired\":true,\"valueName\":\"search_term_string\"}}],\"inLanguage\":\"de\"},{\"@type\":\"Organization\",\"@id\":\"https:\\\/\\\/clarijs-fietstassen.nl\\\/de\\\/#organization\",\"name\":\"Clarijs Fietstassen\",\"url\":\"https:\\\/\\\/clarijs-fietstassen.nl\\\/de\\\/\",\"logo\":{\"@type\":\"ImageObject\",\"inLanguage\":\"de\",\"@id\":\"https:\\\/\\\/clarijs-fietstassen.nl\\\/de\\\/#\\\/schema\\\/logo\\\/image\\\/\",\"url\":\"https:\\\/\\\/clarijs-fietstassen.nl\\\/wp-content\\\/uploads\\\/2024\\\/01\\\/clarijs-logo-met-rand.jpg\",\"contentUrl\":\"https:\\\/\\\/clarijs-fietstassen.nl\\\/wp-content\\\/uploads\\\/2024\\\/01\\\/clarijs-logo-met-rand.jpg\",\"width\":560,\"height\":266,\"caption\":\"Clarijs Fietstassen\"},\"image\":{\"@id\":\"https:\\\/\\\/clarijs-fietstassen.nl\\\/de\\\/#\\\/schema\\\/logo\\\/image\\\/\"},\"sameAs\":[\"https:\\\/\\\/www.facebook.com\\\/clarijs1948\\\/\",\"https:\\\/\\\/www.instagram.com\\\/clarijscovers\\\/\"]}]}<\/script>\n<meta property=\"product:price:amount\" content=\"44.85\" \/>\n<meta property=\"product:price:currency\" content=\"EUR\" \/>\n<meta property=\"og:availability\" content=\"instock\" \/>\n<meta property=\"product:availability\" content=\"instock\" \/>\n<meta property=\"product:retailer_item_id\" content=\"6008\" \/>\n<meta property=\"product:condition\" content=\"new\" \/>\n<!-- \/ Yoast SEO Premium plugin. -->","yoast_head_json":{"title":"Outlet - Doppelte Fahrradtasche Schwarz - Clarijs Fietstassen","description":"Outlet doppelte Fahrradtasche Schwarz jetzt mit 35% Rabatt. Handgefertigt in den Niederlanden, langlebig und besonders preisg\u00fcnstig. Bestellen Sie jetzt!","robots":{"index":"index","follow":"follow","max-snippet":"max-snippet:-1","max-image-preview":"max-image-preview:large","max-video-preview":"max-video-preview:-1"},"canonical":"https:\/\/clarijs-fietstassen.nl\/de\/outlet-doppelte-fahrradtasche-schwarz\/","og_locale":"de_DE","og_type":"article","og_title":"Outlet - Doppelte Fahrradtasche Schwarz","og_description":"Outlet doppelte Fahrradtasche Schwarz jetzt mit 35% Rabatt. Handgefertigt in den Niederlanden, langlebig und besonders preisg\u00fcnstig. Bestellen Sie jetzt!","og_url":"https:\/\/clarijs-fietstassen.nl\/de\/outlet-doppelte-fahrradtasche-schwarz\/","og_site_name":"Clarijs Fietstassen","article_publisher":"https:\/\/www.facebook.com\/clarijs1948\/","article_modified_time":"2026-04-29T08:28:46+00:00","og_image":[{"width":1000,"height":1000,"url":"https:\/\/clarijs-fietstassen.nl\/wp-content\/uploads\/2025\/10\/categoriefoto.png","type":"image\/png"}],"twitter_card":"summary_large_image","twitter_misc":{"Preis":"&euro;44.85","Verf\u00fcgbarkeit":"Auf Lager"},"schema":{"@context":"https:\/\/schema.org","@graph":[{"@type":"WebPage","@id":"https:\/\/clarijs-fietstassen.nl\/de\/outlet-doppelte-fahrradtasche-schwarz\/","url":"https:\/\/clarijs-fietstassen.nl\/de\/outlet-doppelte-fahrradtasche-schwarz\/","name":"Outlet - Doppelte Fahrradtasche Schwarz - Clarijs Fietstassen","isPartOf":{"@id":"https:\/\/clarijs-fietstassen.nl\/de\/#website"},"primaryImageOfPage":{"@id":"https:\/\/clarijs-fietstassen.nl\/de\/outlet-doppelte-fahrradtasche-schwarz\/#primaryimage"},"image":{"@id":"https:\/\/clarijs-fietstassen.nl\/de\/outlet-doppelte-fahrradtasche-schwarz\/#primaryimage"},"thumbnailUrl":"https:\/\/clarijs-fietstassen.nl\/wp-content\/uploads\/2025\/10\/categoriefoto.png","datePublished":"2025-10-06T11:00:28+00:00","dateModified":"2026-04-29T08:28:46+00:00","description":"Outlet doppelte Fahrradtasche Schwarz jetzt mit 35% Rabatt. Handgefertigt in den Niederlanden, langlebig und besonders preisg\u00fcnstig. Bestellen Sie jetzt!","breadcrumb":{"@id":"https:\/\/clarijs-fietstassen.nl\/de\/outlet-doppelte-fahrradtasche-schwarz\/#breadcrumb"},"inLanguage":"de","potentialAction":[{"@type":"ReadAction","target":["https:\/\/clarijs-fietstassen.nl\/de\/outlet-doppelte-fahrradtasche-schwarz\/"]}]},{"@type":"ImageObject","inLanguage":"de","@id":"https:\/\/clarijs-fietstassen.nl\/de\/outlet-doppelte-fahrradtasche-schwarz\/#primaryimage","url":"https:\/\/clarijs-fietstassen.nl\/wp-content\/uploads\/2025\/10\/categoriefoto.png","contentUrl":"https:\/\/clarijs-fietstassen.nl\/wp-content\/uploads\/2025\/10\/categoriefoto.png","width":1000,"height":1000,"caption":"Outlet \u2013 Doppelte Fahrradtasche Schwarz XL"},{"@type":"BreadcrumbList","@id":"https:\/\/clarijs-fietstassen.nl\/de\/outlet-doppelte-fahrradtasche-schwarz\/#breadcrumb","itemListElement":[{"@type":"ListItem","position":1,"name":"Home","item":"https:\/\/clarijs-fietstassen.nl\/de\/"},{"@type":"ListItem","position":2,"name":"Shop","item":"https:\/\/clarijs-fietstassen.nl\/de\/shop\/"},{"@type":"ListItem","position":3,"name":"Deals","item":"https:\/\/clarijs-fietstassen.nl\/deals\/"},{"@type":"ListItem","position":4,"name":"Outlet &#8211; Doppelte Fahrradtasche Schwarz"}]},{"@type":"WebSite","@id":"https:\/\/clarijs-fietstassen.nl\/de\/#website","url":"https:\/\/clarijs-fietstassen.nl\/de\/","name":"Clarijs Fietstassen","description":"Kwaliteit &amp; ambacht sinds 1948","publisher":{"@id":"https:\/\/clarijs-fietstassen.nl\/de\/#organization"},"potentialAction":[{"@type":"SearchAction","target":{"@type":"EntryPoint","urlTemplate":"https:\/\/clarijs-fietstassen.nl\/de\/?s={search_term_string}"},"query-input":{"@type":"PropertyValueSpecification","valueRequired":true,"valueName":"search_term_string"}}],"inLanguage":"de"},{"@type":"Organization","@id":"https:\/\/clarijs-fietstassen.nl\/de\/#organization","name":"Clarijs Fietstassen","url":"https:\/\/clarijs-fietstassen.nl\/de\/","logo":{"@type":"ImageObject","inLanguage":"de","@id":"https:\/\/clarijs-fietstassen.nl\/de\/#\/schema\/logo\/image\/","url":"https:\/\/clarijs-fietstassen.nl\/wp-content\/uploads\/2024\/01\/clarijs-logo-met-rand.jpg","contentUrl":"https:\/\/clarijs-fietstassen.nl\/wp-content\/uploads\/2024\/01\/clarijs-logo-met-rand.jpg","width":560,"height":266,"caption":"Clarijs Fietstassen"},"image":{"@id":"https:\/\/clarijs-fietstassen.nl\/de\/#\/schema\/logo\/image\/"},"sameAs":["https:\/\/www.facebook.com\/clarijs1948\/","https:\/\/www.instagram.com\/clarijscovers\/"]}]},"product_price_amount":"44.85","product_price_currency":"EUR","og_availability":"instock","product_availability":"instock","product_retailer_item_id":"6008","product_condition":"new"},"_links":{"self":[{"href":"https:\/\/clarijs-fietstassen.nl\/de\/wp-json\/wp\/v2\/product\/57753","targetHints":{"allow":["GET"]}}],"collection":[{"href":"https:\/\/clarijs-fietstassen.nl\/de\/wp-json\/wp\/v2\/product"}],"about":[{"href":"https:\/\/clarijs-fietstassen.nl\/de\/wp-json\/wp\/v2\/types\/product"}],"replies":[{"embeddable":true,"href":"https:\/\/clarijs-fietstassen.nl\/de\/wp-json\/wp\/v2\/comments?post=57753"}],"wp:featuredmedia":[{"embeddable":true,"href":"https:\/\/clarijs-fietstassen.nl\/de\/wp-json\/wp\/v2\/media\/57711"}],"wp:attachment":[{"href":"https:\/\/clarijs-fietstassen.nl\/de\/wp-json\/wp\/v2\/media?parent=57753"}],"wp:term":[{"taxonomy":"product_brand","embeddable":true,"href":"https:\/\/clarijs-fietstassen.nl\/de\/wp-json\/wp\/v2\/product_brand?post=57753"},{"taxonomy":"product_cat","embeddable":true,"href":"https:\/\/clarijs-fietstassen.nl\/de\/wp-json\/wp\/v2\/product_cat?post=57753"},{"taxonomy":"product_tag","embeddable":true,"href":"https:\/\/clarijs-fietstassen.nl\/de\/wp-json\/wp\/v2\/product_tag?post=57753"}],"curies":[{"name":"wp","href":"https:\/\/api.w.org\/{rel}","templated":true}]}}