{"id":60109,"date":"2025-12-17T11:58:12","date_gmt":"2025-12-17T10:58:12","guid":{"rendered":"https:\/\/clarijs-fietstassen.nl\/?post_type=product&#038;p=60109"},"modified":"2026-01-14T16:24:05","modified_gmt":"2026-01-14T15:24:05","slug":"fronttasche-premium-kopie","status":"publish","type":"product","link":"https:\/\/clarijs-fietstassen.nl\/de\/produkt\/fronttasche-premium-kopie\/","title":{"rendered":"Front Bag Premium reCYCLEd -red"},"content":{"rendered":"<p>Die Front Bag Premium reCYCLEd \u2013 red von Clarijs ist eine handgefertigte, ger\u00e4umige und robuste Fahrradtasche f\u00fcr Lenkergestelle. Diese Fahrradtasche ist f\u00fcr den t\u00e4glichen Einsatz konzipiert. Au\u00dferdem besteht sie aus nachhaltigem reCYCLEd Material. Dadurch entscheidest du dich bewusst, ohne auf Qualit\u00e4t oder Benutzerfreundlichkeit zu verzichten.   <\/p>\n<p><strong>Multifunktionales Design f\u00fcr den t\u00e4glichen Gebrauch<\/strong><\/p>\n<p>Diese Front Bag Premium reCYCLEd \u2013 red \u00fcberzeugt mit einer markanten rot-wei\u00dfen Optik. Gleichzeitig ist die Tasche sehr praktisch im t\u00e4glichen Gebrauch. So l\u00e4sst sie sich einfach vom Fahrrad abnehmen. Zudem kannst du sie bequem an den Tragegriffen oder mit dem abnehmbaren Schultergurt tragen. Dadurch nutzt du die Tasche auch m\u00fchelos als Schultertasche.    <\/p>\n<p>Au\u00dferdem sorgt das durchdachte Design f\u00fcr zus\u00e4tzlichen Komfort bei jeder Fahrt. Deshalb ist diese Front Bag Premium reCYCLEd \u2013 red ausgestattet mit: <\/p>\n<ul>\n<li>Geeignet f\u00fcr die Montage auf Lenkergep\u00e4cktr\u00e4gern<\/li>\n<li aria-level=\"1\"><span style=\"font-weight: 400;\">Tragegriffe an der Oberseite<\/span><\/li>\n<li aria-level=\"1\"><span style=\"font-weight: 400;\">Tragegriffe an der Oberseite<\/span><\/li>\n<li>Magnetischer Riemen f\u00fcr schnelles und einfaches \u00d6ffnen und Schlie\u00dfen, kein Hantieren mit Rei\u00dfverschl\u00fcssen oder Schnallen \u2013 einfach schlie\u00dfen und losfahren<\/li>\n<li>Stabiler, harter Boden mit 17 cm H\u00f6he, geeignet f\u00fcr schwerere Lasten<\/li>\n<li>Hergestellt aus langlebigem reCYCLEd LKW-Planenmaterial<\/li>\n<\/ul>\n<p><strong>Ma\u00dfe und Volumen dieser Fronttasche:<\/strong><\/p>\n<p>Breedte 40 cm<br data-start=\"1247\" data-end=\"1250\">Diepte 29 cm<br data-start=\"1262\" data-end=\"1265\">Hoogte 53 cm<br data-start=\"1277\" data-end=\"1280\">Inhoud 61 liter<\/p>\n<p><strong>Warum eine Front Bag aus reCYCLEd LKW-Planenmaterial w\u00e4hlen?<\/strong><\/p>\n<p>Die Front Bag Premium reCYCLEd \u2013 red besteht aus starkem und vollst\u00e4ndig wasserdichtem reCYCLEd LKW-Planenmaterial. Dadurch ist die Tasche f\u00fcr den intensiven t\u00e4glichen Einsatz geeignet. Zudem sorgt der harte Boden mit einer H\u00f6he von 17 cm f\u00fcr zus\u00e4tzliche Stabilit\u00e4t, auch bei schwererer Beladung. Au\u00dferdem h\u00e4lt das gro\u00dfe Innenfach mit den Ma\u00dfen 35 \u00d7 40 cm deine Sachen \u00fcbersichtlich und griffbereit.   <\/p>\n<p><span style=\"font-weight: 400;\">Mit der Front Bag Premium entscheidest du dich f\u00fcr eine hochwertige Fahrradtasche, die mit viel Sorgfalt und Liebe zum Detail gefertigt wird. Kombiniere die Front Bag Premium reCYCLEd mit der Longtail Universal Fahrradtasche reCYCLEd red <strong><a href=\"https:\/\/clarijs-fietstassen.nl\/de\/produkt\/longtail-universal-fahrradtasche-kopie\/\" target=\"_blank\" rel=\"noopener\"> Longtail Universal fietstas reCYCLEd red<\/a> <\/strong>f\u00fcr noch mehr Stauraum und maximalen Komfort auf deinem Longtail-Fahrrad. <\/span><\/p>\n","protected":false},"excerpt":{"rendered":"<p>Die Front Bag Premium reCYCLEd \u2013 red von Clarijs ist eine handgefertigte, ger\u00e4umige und robuste Fahrradtasche f\u00fcr Lenkergestelle. Diese Fahrradtasche ist f\u00fcr den t\u00e4glichen Einsatz konzipiert. Au\u00dferdem besteht sie aus nachhaltigem reCYCLEd Material. Dadurch entscheidest du dich bewusst, ohne auf Qualit\u00e4t oder Benutzerfreundlichkeit zu verzichten. Multifunktionales Design f\u00fcr den t\u00e4glichen Gebrauch Diese Front Bag Premium [&hellip;]<\/p>\n","protected":false},"featured_media":64719,"comment_status":"closed","ping_status":"closed","template":"","meta":{"_acf_changed":false,"_et_pb_use_builder":"","_et_pb_old_content":"","_et_gb_content_width":""},"product_brand":[],"product_cat":[721,728,737,746,783,824,781,776],"product_tag":[],"class_list":{"0":"post-60109","1":"product","2":"type-product","3":"status-publish","4":"has-post-thumbnail","6":"product_cat-einzelne-fahrradtaschen","7":"product_cat-fahrradtaschen","8":"product_cat-grosse-fahrradtaschen","9":"product_cat-longtail-fahrradtaschen","10":"product_cat-recycled-de","11":"product_cat-recycled-fahrradtaschen","12":"product_cat-schwarze-einzelfahrradtaschen","13":"product_cat-taschen-fuer-frontgepaecktraeger","15":"first","16":"onbackorder","17":"taxable","18":"shipping-taxable","19":"purchasable","20":"product-type-simple"},"acf":[],"yoast_head":"<!-- This site is optimized with the Yoast SEO Premium plugin v27.2 (Yoast SEO v27.4) - https:\/\/yoast.com\/product\/yoast-seo-premium-wordpress\/ -->\n<title>Front Bag Premium Fahrradtasche f\u00fcr Frontgep\u00e4cktr\u00e4ger: echter Allesk\u00f6nner! - Clarijs Fietstassen<\/title>\n<meta name=\"description\" content=\"Entdecken Sie die Front Bag Premium reCYCLEd Fahrradtasche f\u00fcr Frontgep\u00e4cktr\u00e4ger. Ein multifunktionales Design, das die richtigen Eigenschaften f\u00fcr Ihre t\u00e4glichen Abenteuer bietet.\" \/>\n<meta name=\"robots\" content=\"index, follow, max-snippet:-1, max-image-preview:large, max-video-preview:-1\" \/>\n<link rel=\"canonical\" href=\"https:\/\/clarijs-fietstassen.nl\/?post_type=product&p=60108\" \/>\n<meta property=\"og:locale\" content=\"de_DE\" \/>\n<meta property=\"og:type\" content=\"article\" \/>\n<meta property=\"og:title\" content=\"Front Bag Premium reCYCLEd -red\" \/>\n<meta property=\"og:description\" content=\"Entdecken Sie die Front Bag Premium reCYCLEd Fahrradtasche f\u00fcr Frontgep\u00e4cktr\u00e4ger. Ein multifunktionales Design, das die richtigen Eigenschaften f\u00fcr Ihre t\u00e4glichen Abenteuer bietet.\" \/>\n<meta property=\"og:url\" content=\"https:\/\/clarijs-fietstassen.nl\/?post_type=product&amp;p=60108\" \/>\n<meta property=\"og:site_name\" content=\"Clarijs Fietstassen\" \/>\n<meta property=\"article:publisher\" content=\"https:\/\/www.facebook.com\/clarijs1948\/\" \/>\n<meta property=\"article:modified_time\" content=\"2026-01-14T15:24:05+00:00\" \/>\n<meta property=\"og:image\" content=\"https:\/\/clarijs-fietstassen.nl\/wp-content\/uploads\/2026\/03\/frontbag-recycled-red-1-scaled.jpg\" \/>\n\t<meta property=\"og:image:width\" content=\"2217\" \/>\n\t<meta property=\"og:image:height\" content=\"2560\" \/>\n\t<meta property=\"og:image:type\" content=\"image\/jpeg\" \/>\n<meta name=\"twitter:card\" content=\"summary_large_image\" \/>\n<meta name=\"twitter:label1\" content=\"Preis\" \/>\n\t<meta name=\"twitter:data1\" content=\"&euro;210.00\" \/>\n\t<meta name=\"twitter:label2\" content=\"Verf\u00fcgbarkeit\" \/>\n\t<meta name=\"twitter:data2\" content=\"bei Nachbestellung\" \/>\n<script type=\"application\/ld+json\" class=\"yoast-schema-graph\">{\"@context\":\"https:\\\/\\\/schema.org\",\"@graph\":[{\"@type\":\"WebPage\",\"@id\":\"https:\\\/\\\/clarijs-fietstassen.nl\\\/?post_type=product&p=60108\",\"url\":\"https:\\\/\\\/clarijs-fietstassen.nl\\\/?post_type=product&p=60108\",\"name\":\"Front Bag Premium Fahrradtasche f\u00fcr Frontgep\u00e4cktr\u00e4ger: echter Allesk\u00f6nner! - Clarijs Fietstassen\",\"isPartOf\":{\"@id\":\"https:\\\/\\\/clarijs-fietstassen.nl\\\/de\\\/#website\"},\"primaryImageOfPage\":{\"@id\":\"https:\\\/\\\/clarijs-fietstassen.nl\\\/?post_type=product&p=60108#primaryimage\"},\"image\":{\"@id\":\"https:\\\/\\\/clarijs-fietstassen.nl\\\/?post_type=product&p=60108#primaryimage\"},\"thumbnailUrl\":\"https:\\\/\\\/clarijs-fietstassen.nl\\\/wp-content\\\/uploads\\\/2026\\\/03\\\/frontbag-recycled-red-1-scaled.jpg\",\"datePublished\":\"2025-12-17T10:58:12+00:00\",\"dateModified\":\"2026-01-14T15:24:05+00:00\",\"description\":\"Entdecken Sie die Front Bag Premium reCYCLEd Fahrradtasche f\u00fcr Frontgep\u00e4cktr\u00e4ger. Ein multifunktionales Design, das die richtigen Eigenschaften f\u00fcr Ihre t\u00e4glichen Abenteuer bietet.\",\"breadcrumb\":{\"@id\":\"https:\\\/\\\/clarijs-fietstassen.nl\\\/?post_type=product&p=60108#breadcrumb\"},\"inLanguage\":\"de\",\"potentialAction\":[{\"@type\":\"ReadAction\",\"target\":[\"https:\\\/\\\/clarijs-fietstassen.nl\\\/?post_type=product&p=60108\"]}]},{\"@type\":\"ImageObject\",\"inLanguage\":\"de\",\"@id\":\"https:\\\/\\\/clarijs-fietstassen.nl\\\/?post_type=product&p=60108#primaryimage\",\"url\":\"https:\\\/\\\/clarijs-fietstassen.nl\\\/wp-content\\\/uploads\\\/2026\\\/03\\\/frontbag-recycled-red-1-scaled.jpg\",\"contentUrl\":\"https:\\\/\\\/clarijs-fietstassen.nl\\\/wp-content\\\/uploads\\\/2026\\\/03\\\/frontbag-recycled-red-1-scaled.jpg\",\"width\":2217,\"height\":2560},{\"@type\":\"BreadcrumbList\",\"@id\":\"https:\\\/\\\/clarijs-fietstassen.nl\\\/?post_type=product&p=60108#breadcrumb\",\"itemListElement\":[{\"@type\":\"ListItem\",\"position\":1,\"name\":\"Home\",\"item\":\"https:\\\/\\\/clarijs-fietstassen.nl\\\/de\\\/\"},{\"@type\":\"ListItem\",\"position\":2,\"name\":\"Shop\",\"item\":\"https:\\\/\\\/clarijs-fietstassen.nl\\\/de\\\/shop\\\/\"},{\"@type\":\"ListItem\",\"position\":3,\"name\":\"Einzelne Fahrradtaschen\",\"item\":\"https:\\\/\\\/clarijs-fietstassen.nl\\\/de\\\/einzelne-fahrradtaschen\\\/\"},{\"@type\":\"ListItem\",\"position\":4,\"name\":\"Front Bag Premium reCYCLEd -red\"}]},{\"@type\":\"WebSite\",\"@id\":\"https:\\\/\\\/clarijs-fietstassen.nl\\\/de\\\/#website\",\"url\":\"https:\\\/\\\/clarijs-fietstassen.nl\\\/de\\\/\",\"name\":\"Clarijs Fietstassen\",\"description\":\"Kwaliteit &amp; ambacht sinds 1948\",\"publisher\":{\"@id\":\"https:\\\/\\\/clarijs-fietstassen.nl\\\/de\\\/#organization\"},\"potentialAction\":[{\"@type\":\"SearchAction\",\"target\":{\"@type\":\"EntryPoint\",\"urlTemplate\":\"https:\\\/\\\/clarijs-fietstassen.nl\\\/de\\\/?s={search_term_string}\"},\"query-input\":{\"@type\":\"PropertyValueSpecification\",\"valueRequired\":true,\"valueName\":\"search_term_string\"}}],\"inLanguage\":\"de\"},{\"@type\":\"Organization\",\"@id\":\"https:\\\/\\\/clarijs-fietstassen.nl\\\/de\\\/#organization\",\"name\":\"Clarijs Fietstassen\",\"url\":\"https:\\\/\\\/clarijs-fietstassen.nl\\\/de\\\/\",\"logo\":{\"@type\":\"ImageObject\",\"inLanguage\":\"de\",\"@id\":\"https:\\\/\\\/clarijs-fietstassen.nl\\\/de\\\/#\\\/schema\\\/logo\\\/image\\\/\",\"url\":\"https:\\\/\\\/clarijs-fietstassen.nl\\\/wp-content\\\/uploads\\\/2024\\\/01\\\/clarijs-logo-met-rand.jpg\",\"contentUrl\":\"https:\\\/\\\/clarijs-fietstassen.nl\\\/wp-content\\\/uploads\\\/2024\\\/01\\\/clarijs-logo-met-rand.jpg\",\"width\":560,\"height\":266,\"caption\":\"Clarijs Fietstassen\"},\"image\":{\"@id\":\"https:\\\/\\\/clarijs-fietstassen.nl\\\/de\\\/#\\\/schema\\\/logo\\\/image\\\/\"},\"sameAs\":[\"https:\\\/\\\/www.facebook.com\\\/clarijs1948\\\/\",\"https:\\\/\\\/www.instagram.com\\\/clarijscovers\\\/\"]}]}<\/script>\n<meta property=\"product:price:amount\" content=\"210.00\" \/>\n<meta property=\"product:price:currency\" content=\"EUR\" \/>\n<meta property=\"og:availability\" content=\"backorder\" \/>\n<meta property=\"product:availability\" content=\"available for order\" \/>\n<meta property=\"product:retailer_item_id\" content=\"3114\" \/>\n<meta property=\"product:condition\" content=\"new\" \/>\n<!-- \/ Yoast SEO Premium plugin. -->","yoast_head_json":{"title":"Front Bag Premium Fahrradtasche f\u00fcr Frontgep\u00e4cktr\u00e4ger: echter Allesk\u00f6nner! - Clarijs Fietstassen","description":"Entdecken Sie die Front Bag Premium reCYCLEd Fahrradtasche f\u00fcr Frontgep\u00e4cktr\u00e4ger. Ein multifunktionales Design, das die richtigen Eigenschaften f\u00fcr Ihre t\u00e4glichen Abenteuer bietet.","robots":{"index":"index","follow":"follow","max-snippet":"max-snippet:-1","max-image-preview":"max-image-preview:large","max-video-preview":"max-video-preview:-1"},"canonical":"https:\/\/clarijs-fietstassen.nl\/?post_type=product&p=60108","og_locale":"de_DE","og_type":"article","og_title":"Front Bag Premium reCYCLEd -red","og_description":"Entdecken Sie die Front Bag Premium reCYCLEd Fahrradtasche f\u00fcr Frontgep\u00e4cktr\u00e4ger. Ein multifunktionales Design, das die richtigen Eigenschaften f\u00fcr Ihre t\u00e4glichen Abenteuer bietet.","og_url":"https:\/\/clarijs-fietstassen.nl\/?post_type=product&p=60108","og_site_name":"Clarijs Fietstassen","article_publisher":"https:\/\/www.facebook.com\/clarijs1948\/","article_modified_time":"2026-01-14T15:24:05+00:00","og_image":[{"width":2217,"height":2560,"url":"https:\/\/clarijs-fietstassen.nl\/wp-content\/uploads\/2026\/03\/frontbag-recycled-red-1-scaled.jpg","type":"image\/jpeg"}],"twitter_card":"summary_large_image","twitter_misc":{"Preis":"&euro;210.00","Verf\u00fcgbarkeit":"bei Nachbestellung"},"schema":{"@context":"https:\/\/schema.org","@graph":[{"@type":"WebPage","@id":"https:\/\/clarijs-fietstassen.nl\/?post_type=product&p=60108","url":"https:\/\/clarijs-fietstassen.nl\/?post_type=product&p=60108","name":"Front Bag Premium Fahrradtasche f\u00fcr Frontgep\u00e4cktr\u00e4ger: echter Allesk\u00f6nner! - Clarijs Fietstassen","isPartOf":{"@id":"https:\/\/clarijs-fietstassen.nl\/de\/#website"},"primaryImageOfPage":{"@id":"https:\/\/clarijs-fietstassen.nl\/?post_type=product&p=60108#primaryimage"},"image":{"@id":"https:\/\/clarijs-fietstassen.nl\/?post_type=product&p=60108#primaryimage"},"thumbnailUrl":"https:\/\/clarijs-fietstassen.nl\/wp-content\/uploads\/2026\/03\/frontbag-recycled-red-1-scaled.jpg","datePublished":"2025-12-17T10:58:12+00:00","dateModified":"2026-01-14T15:24:05+00:00","description":"Entdecken Sie die Front Bag Premium reCYCLEd Fahrradtasche f\u00fcr Frontgep\u00e4cktr\u00e4ger. Ein multifunktionales Design, das die richtigen Eigenschaften f\u00fcr Ihre t\u00e4glichen Abenteuer bietet.","breadcrumb":{"@id":"https:\/\/clarijs-fietstassen.nl\/?post_type=product&p=60108#breadcrumb"},"inLanguage":"de","potentialAction":[{"@type":"ReadAction","target":["https:\/\/clarijs-fietstassen.nl\/?post_type=product&p=60108"]}]},{"@type":"ImageObject","inLanguage":"de","@id":"https:\/\/clarijs-fietstassen.nl\/?post_type=product&p=60108#primaryimage","url":"https:\/\/clarijs-fietstassen.nl\/wp-content\/uploads\/2026\/03\/frontbag-recycled-red-1-scaled.jpg","contentUrl":"https:\/\/clarijs-fietstassen.nl\/wp-content\/uploads\/2026\/03\/frontbag-recycled-red-1-scaled.jpg","width":2217,"height":2560},{"@type":"BreadcrumbList","@id":"https:\/\/clarijs-fietstassen.nl\/?post_type=product&p=60108#breadcrumb","itemListElement":[{"@type":"ListItem","position":1,"name":"Home","item":"https:\/\/clarijs-fietstassen.nl\/de\/"},{"@type":"ListItem","position":2,"name":"Shop","item":"https:\/\/clarijs-fietstassen.nl\/de\/shop\/"},{"@type":"ListItem","position":3,"name":"Einzelne Fahrradtaschen","item":"https:\/\/clarijs-fietstassen.nl\/de\/einzelne-fahrradtaschen\/"},{"@type":"ListItem","position":4,"name":"Front Bag Premium reCYCLEd -red"}]},{"@type":"WebSite","@id":"https:\/\/clarijs-fietstassen.nl\/de\/#website","url":"https:\/\/clarijs-fietstassen.nl\/de\/","name":"Clarijs Fietstassen","description":"Kwaliteit &amp; ambacht sinds 1948","publisher":{"@id":"https:\/\/clarijs-fietstassen.nl\/de\/#organization"},"potentialAction":[{"@type":"SearchAction","target":{"@type":"EntryPoint","urlTemplate":"https:\/\/clarijs-fietstassen.nl\/de\/?s={search_term_string}"},"query-input":{"@type":"PropertyValueSpecification","valueRequired":true,"valueName":"search_term_string"}}],"inLanguage":"de"},{"@type":"Organization","@id":"https:\/\/clarijs-fietstassen.nl\/de\/#organization","name":"Clarijs Fietstassen","url":"https:\/\/clarijs-fietstassen.nl\/de\/","logo":{"@type":"ImageObject","inLanguage":"de","@id":"https:\/\/clarijs-fietstassen.nl\/de\/#\/schema\/logo\/image\/","url":"https:\/\/clarijs-fietstassen.nl\/wp-content\/uploads\/2024\/01\/clarijs-logo-met-rand.jpg","contentUrl":"https:\/\/clarijs-fietstassen.nl\/wp-content\/uploads\/2024\/01\/clarijs-logo-met-rand.jpg","width":560,"height":266,"caption":"Clarijs Fietstassen"},"image":{"@id":"https:\/\/clarijs-fietstassen.nl\/de\/#\/schema\/logo\/image\/"},"sameAs":["https:\/\/www.facebook.com\/clarijs1948\/","https:\/\/www.instagram.com\/clarijscovers\/"]}]},"product_price_amount":"210.00","product_price_currency":"EUR","og_availability":"backorder","product_availability":"available for order","product_retailer_item_id":"3114","product_condition":"new"},"_links":{"self":[{"href":"https:\/\/clarijs-fietstassen.nl\/de\/wp-json\/wp\/v2\/product\/60109","targetHints":{"allow":["GET"]}}],"collection":[{"href":"https:\/\/clarijs-fietstassen.nl\/de\/wp-json\/wp\/v2\/product"}],"about":[{"href":"https:\/\/clarijs-fietstassen.nl\/de\/wp-json\/wp\/v2\/types\/product"}],"replies":[{"embeddable":true,"href":"https:\/\/clarijs-fietstassen.nl\/de\/wp-json\/wp\/v2\/comments?post=60109"}],"wp:featuredmedia":[{"embeddable":true,"href":"https:\/\/clarijs-fietstassen.nl\/de\/wp-json\/wp\/v2\/media\/64719"}],"wp:attachment":[{"href":"https:\/\/clarijs-fietstassen.nl\/de\/wp-json\/wp\/v2\/media?parent=60109"}],"wp:term":[{"taxonomy":"product_brand","embeddable":true,"href":"https:\/\/clarijs-fietstassen.nl\/de\/wp-json\/wp\/v2\/product_brand?post=60109"},{"taxonomy":"product_cat","embeddable":true,"href":"https:\/\/clarijs-fietstassen.nl\/de\/wp-json\/wp\/v2\/product_cat?post=60109"},{"taxonomy":"product_tag","embeddable":true,"href":"https:\/\/clarijs-fietstassen.nl\/de\/wp-json\/wp\/v2\/product_tag?post=60109"}],"curies":[{"name":"wp","href":"https:\/\/api.w.org\/{rel}","templated":true}]}}