{"id":63652,"date":"2026-02-23T16:42:04","date_gmt":"2026-02-23T15:42:04","guid":{"rendered":"https:\/\/clarijs-fietstassen.nl\/?post_type=product&#038;p=63652"},"modified":"2026-04-20T13:45:33","modified_gmt":"2026-04-20T11:45:33","slug":"regenzelt-doppio-2026-fur-bakfiets-nl","status":"publish","type":"product","link":"https:\/\/clarijs-fietstassen.nl\/de\/produkt\/regenzelt-doppio-2026-fur-bakfiets-nl\/","title":{"rendered":"Regenzelt Doppio f\u00fcr Bakfiets.nl (inkl. Rahmen)"},"content":{"rendered":"<p>Das Regenverdeck Doppio f\u00fcr Bakfiets.nl ist f\u00fcr die originalen langen Modelle von Bakfiets.nl geeignet. Das Verdeck ist mit vier Rei\u00dfverschl\u00fcssen versehen, zwei auf jeder Seite, und mit einem einziehbaren Sonnenschirm ausgestattet. <\/p>\n<p><strong>Warum ist dieses Regenzelt ideal f\u00fcr den t\u00e4glichen Einsatz?<\/strong><br data-start=\"546\" data-end=\"549\">Dieses Regenzelt ist so konzipiert, dass Kinder und Gep\u00e4ck gut vor Regen und Wind gesch\u00fctzt sind. So k\u00f6nnen Sie auch bei wechselnden Wetterbedingungen bequem und entspannt weiterradeln. An beiden Seiten befinden sich zwei Rei\u00dfverschl\u00fcsse, so dass Sie die Seitenfenster einfach aufrollen und das Zelt in den meisten Situationen an Ort und Stelle lassen k\u00f6nnen. Praktisch bei sch\u00f6nem Wetter und beim Be- und Entladen.<br data-start=\"927\" data-end=\"930\">Die R\u00fcckseite kann mit Klettverschluss ge\u00f6ffnet werden, was f\u00fcr zus\u00e4tzliche Bel\u00fcftung sorgt und beim Radfahren mit Kindern angenehm ist. Au\u00dferdem gibt es hier ein Staufach f\u00fcr kleine Gegenst\u00e4nde wie ein Telefon oder Schl\u00fcssel.    <\/p>\n<p><strong>Woraus besteht das Doppio Regenzelt f\u00fcr Bakfiets.nl?<\/strong><br data-start=\"1194\" data-end=\"1197\">Das Zelt besteht aus hochwertigem, mattem PVC mit einer gepr\u00e4gten Struktur. Dieses Material ist robust und spritzwassergesch\u00fctzt und bietet Ihnen optimalen Schutz vor Regen und Wind. Au\u00dferdem verf\u00fcgt das Regenzelt \u00fcber robuste, 10 mm dicke, wasserabweisende Rei\u00dfverschl\u00fcsse, die f\u00fcr den intensiven t\u00e4glichen Gebrauch geeignet sind.  <\/p>\n<p><strong>Ma\u00dfe<\/strong>: Die H\u00f6he dieses Regenverdecks betr\u00e4gt, gemessen von der hinteren Sitzbank bis zum Dach des Verdecks, 75 cm.<\/p>\n<p data-start=\"1482\" data-end=\"1793\"><strong>Welche praktischen Vorteile bietet dieses Regenzelt?<\/strong><\/p>\n<ul>\n<li data-start=\"1482\" data-end=\"1793\">Sch\u00fctzt Kinder und Gep\u00e4ck vor Regen, Wind und K\u00e4lte<\/li>\n<li data-start=\"1482\" data-end=\"1793\">H\u00e4lt die Ladebox sauber und trocken<\/li>\n<li data-start=\"1482\" data-end=\"1793\">Rei\u00dfverschl\u00fcsse an beiden Seiten f\u00fcr einfaches Aufrollen des Zeltes<\/li>\n<li data-start=\"1482\" data-end=\"1793\">Leicht zu befestigen<\/li>\n<li data-start=\"1482\" data-end=\"1793\">Inkl. Rahmen<\/li>\n<\/ul>\n<p>Machen Sie Ihr Lastenfahrrad fit f\u00fcr jede Jahreszeit und fahren Sie das ganze Jahr \u00fcber bequem und gesch\u00fctzt mit dem Rain Tent Doppio 2026 f\u00fcr Bakfiets.nl.<\/p>\n","protected":false},"excerpt":{"rendered":"<p>Das Regenverdeck Doppio f\u00fcr Bakfiets.nl ist f\u00fcr die originalen langen Modelle von Bakfiets.nl geeignet. Das Verdeck ist mit vier Rei\u00dfverschl\u00fcssen versehen, zwei auf jeder Seite, und mit einem einziehbaren Sonnenschirm ausgestattet. Warum ist dieses Regenzelt ideal f\u00fcr den t\u00e4glichen Einsatz?Dieses Regenzelt ist so konzipiert, dass Kinder und Gep\u00e4ck gut vor Regen und Wind gesch\u00fctzt sind. [&hellip;]<\/p>\n","protected":false},"featured_media":65135,"comment_status":"open","ping_status":"closed","template":"","meta":{"_acf_changed":false,"_et_pb_use_builder":"","_et_pb_old_content":"","_et_gb_content_width":""},"product_brand":[],"product_cat":[686,687,690,748],"product_tag":[],"class_list":{"0":"post-63652","1":"product","2":"type-product","3":"status-publish","4":"has-post-thumbnail","6":"product_cat-bakfiets-de","7":"product_cat-bakfiets-nl-de","8":"product_cat-lastenrad-regenverdeck","9":"product_cat-neue-kollektion","10":"pa_afmetingen-lang-de","11":"pa_kleur-schwarz","12":"pa_materiaal-mattes-pvc-relief","13":"pa_merk-clarijs-covers-b-v-de","14":"pa_reflectie-ja-de","16":"first","17":"onbackorder","18":"taxable","19":"shipping-taxable","20":"purchasable","21":"product-type-variable"},"acf":[],"yoast_head":"<!-- This site is optimized with the Yoast SEO Premium plugin v27.2 (Yoast SEO v27.4) - https:\/\/yoast.com\/product\/yoast-seo-premium-wordpress\/ -->\n<title>Regenzelt Doppio f\u00fcr Bakfiets.nl (inkl. Rahmen) - Clarijs Fietstassen<\/title>\n<meta name=\"description\" content=\"Regenverdeck Doppio f\u00fcr Bakfiets.nl. Wasserdichter Schutz f\u00fcr Kinder und Gep\u00e4ck, mit Rei\u00dfverschl\u00fcssen, Bel\u00fcftung und Sonnenschutz f\u00fcr den Alltag.\" \/>\n<meta name=\"robots\" content=\"index, follow, max-snippet:-1, max-image-preview:large, max-video-preview:-1\" \/>\n<link rel=\"canonical\" href=\"https:\/\/clarijs-fietstassen.nl\/de\/regenzelt-doppio-2026-fur-bakfiets-nl\/\" \/>\n<meta property=\"og:locale\" content=\"de_DE\" \/>\n<meta property=\"og:type\" content=\"article\" \/>\n<meta property=\"og:title\" content=\"Regenzelt Doppio f\u00fcr Bakfiets.nl (inkl. Rahmen)\" \/>\n<meta property=\"og:description\" content=\"Regenverdeck Doppio f\u00fcr Bakfiets.nl. Wasserdichter Schutz f\u00fcr Kinder und Gep\u00e4ck, mit Rei\u00dfverschl\u00fcssen, Bel\u00fcftung und Sonnenschutz f\u00fcr den Alltag.\" \/>\n<meta property=\"og:url\" content=\"https:\/\/clarijs-fietstassen.nl\/de\/regenzelt-doppio-2026-fur-bakfiets-nl\/\" \/>\n<meta property=\"og:site_name\" content=\"Clarijs Fietstassen\" \/>\n<meta property=\"article:publisher\" content=\"https:\/\/www.facebook.com\/clarijs1948\/\" \/>\n<meta property=\"article:modified_time\" content=\"2026-04-20T11:45:33+00:00\" \/>\n<meta property=\"og:image\" content=\"https:\/\/clarijs-fietstassen.nl\/wp-content\/uploads\/2026\/02\/bakfiets-nl-doppio2026-transparant-2.png\" \/>\n\t<meta property=\"og:image:width\" content=\"1000\" \/>\n\t<meta property=\"og:image:height\" content=\"1000\" \/>\n\t<meta property=\"og:image:type\" content=\"image\/png\" \/>\n<meta name=\"twitter:card\" content=\"summary_large_image\" \/>\n<meta name=\"twitter:label1\" content=\"Verf\u00fcgbarkeit\" \/>\n\t<meta name=\"twitter:data1\" content=\"bei Nachbestellung\" \/>\n<script type=\"application\/ld+json\" class=\"yoast-schema-graph\">{\"@context\":\"https:\\\/\\\/schema.org\",\"@graph\":[{\"@type\":\"WebPage\",\"@id\":\"https:\\\/\\\/clarijs-fietstassen.nl\\\/de\\\/regenzelt-doppio-2026-fur-bakfiets-nl\\\/\",\"url\":\"https:\\\/\\\/clarijs-fietstassen.nl\\\/de\\\/regenzelt-doppio-2026-fur-bakfiets-nl\\\/\",\"name\":\"Regenzelt Doppio f\u00fcr Bakfiets.nl (inkl. Rahmen) - Clarijs Fietstassen\",\"isPartOf\":{\"@id\":\"https:\\\/\\\/clarijs-fietstassen.nl\\\/de\\\/#website\"},\"primaryImageOfPage\":{\"@id\":\"https:\\\/\\\/clarijs-fietstassen.nl\\\/de\\\/regenzelt-doppio-2026-fur-bakfiets-nl\\\/#primaryimage\"},\"image\":{\"@id\":\"https:\\\/\\\/clarijs-fietstassen.nl\\\/de\\\/regenzelt-doppio-2026-fur-bakfiets-nl\\\/#primaryimage\"},\"thumbnailUrl\":\"https:\\\/\\\/clarijs-fietstassen.nl\\\/wp-content\\\/uploads\\\/2026\\\/02\\\/bakfiets-nl-doppio2026-transparant-2.png\",\"datePublished\":\"2026-02-23T15:42:04+00:00\",\"dateModified\":\"2026-04-20T11:45:33+00:00\",\"description\":\"Regenverdeck Doppio f\u00fcr Bakfiets.nl. Wasserdichter Schutz f\u00fcr Kinder und Gep\u00e4ck, mit Rei\u00dfverschl\u00fcssen, Bel\u00fcftung und Sonnenschutz f\u00fcr den Alltag.\",\"breadcrumb\":{\"@id\":\"https:\\\/\\\/clarijs-fietstassen.nl\\\/de\\\/regenzelt-doppio-2026-fur-bakfiets-nl\\\/#breadcrumb\"},\"inLanguage\":\"de\",\"potentialAction\":[{\"@type\":\"ReadAction\",\"target\":[\"https:\\\/\\\/clarijs-fietstassen.nl\\\/de\\\/regenzelt-doppio-2026-fur-bakfiets-nl\\\/\"]}]},{\"@type\":\"ImageObject\",\"inLanguage\":\"de\",\"@id\":\"https:\\\/\\\/clarijs-fietstassen.nl\\\/de\\\/regenzelt-doppio-2026-fur-bakfiets-nl\\\/#primaryimage\",\"url\":\"https:\\\/\\\/clarijs-fietstassen.nl\\\/wp-content\\\/uploads\\\/2026\\\/02\\\/bakfiets-nl-doppio2026-transparant-2.png\",\"contentUrl\":\"https:\\\/\\\/clarijs-fietstassen.nl\\\/wp-content\\\/uploads\\\/2026\\\/02\\\/bakfiets-nl-doppio2026-transparant-2.png\",\"width\":1000,\"height\":1000},{\"@type\":\"BreadcrumbList\",\"@id\":\"https:\\\/\\\/clarijs-fietstassen.nl\\\/de\\\/regenzelt-doppio-2026-fur-bakfiets-nl\\\/#breadcrumb\",\"itemListElement\":[{\"@type\":\"ListItem\",\"position\":1,\"name\":\"Home\",\"item\":\"https:\\\/\\\/clarijs-fietstassen.nl\\\/de\\\/\"},{\"@type\":\"ListItem\",\"position\":2,\"name\":\"Shop\",\"item\":\"https:\\\/\\\/clarijs-fietstassen.nl\\\/de\\\/shop\\\/\"},{\"@type\":\"ListItem\",\"position\":3,\"name\":\"Bakfiets.nl\",\"item\":\"https:\\\/\\\/clarijs-fietstassen.nl\\\/en\\\/bakfiets-nl\\\/\"},{\"@type\":\"ListItem\",\"position\":4,\"name\":\"Regenzelt Doppio f\u00fcr Bakfiets.nl (inkl. Rahmen)\"}]},{\"@type\":\"WebSite\",\"@id\":\"https:\\\/\\\/clarijs-fietstassen.nl\\\/de\\\/#website\",\"url\":\"https:\\\/\\\/clarijs-fietstassen.nl\\\/de\\\/\",\"name\":\"Clarijs Fietstassen\",\"description\":\"Kwaliteit &amp; ambacht sinds 1948\",\"publisher\":{\"@id\":\"https:\\\/\\\/clarijs-fietstassen.nl\\\/de\\\/#organization\"},\"potentialAction\":[{\"@type\":\"SearchAction\",\"target\":{\"@type\":\"EntryPoint\",\"urlTemplate\":\"https:\\\/\\\/clarijs-fietstassen.nl\\\/de\\\/?s={search_term_string}\"},\"query-input\":{\"@type\":\"PropertyValueSpecification\",\"valueRequired\":true,\"valueName\":\"search_term_string\"}}],\"inLanguage\":\"de\"},{\"@type\":\"Organization\",\"@id\":\"https:\\\/\\\/clarijs-fietstassen.nl\\\/de\\\/#organization\",\"name\":\"Clarijs Fietstassen\",\"url\":\"https:\\\/\\\/clarijs-fietstassen.nl\\\/de\\\/\",\"logo\":{\"@type\":\"ImageObject\",\"inLanguage\":\"de\",\"@id\":\"https:\\\/\\\/clarijs-fietstassen.nl\\\/de\\\/#\\\/schema\\\/logo\\\/image\\\/\",\"url\":\"https:\\\/\\\/clarijs-fietstassen.nl\\\/wp-content\\\/uploads\\\/2024\\\/01\\\/clarijs-logo-met-rand.jpg\",\"contentUrl\":\"https:\\\/\\\/clarijs-fietstassen.nl\\\/wp-content\\\/uploads\\\/2024\\\/01\\\/clarijs-logo-met-rand.jpg\",\"width\":560,\"height\":266,\"caption\":\"Clarijs Fietstassen\"},\"image\":{\"@id\":\"https:\\\/\\\/clarijs-fietstassen.nl\\\/de\\\/#\\\/schema\\\/logo\\\/image\\\/\"},\"sameAs\":[\"https:\\\/\\\/www.facebook.com\\\/clarijs1948\\\/\",\"https:\\\/\\\/www.instagram.com\\\/clarijscovers\\\/\"]}]}<\/script>\n<meta property=\"og:availability\" content=\"backorder\" \/>\n<meta property=\"product:availability\" content=\"available for order\" \/>\n<meta property=\"product:retailer_item_id\" content=\"5112\" \/>\n<meta property=\"product:condition\" content=\"new\" \/>\n<!-- \/ Yoast SEO Premium plugin. -->","yoast_head_json":{"title":"Regenzelt Doppio f\u00fcr Bakfiets.nl (inkl. Rahmen) - Clarijs Fietstassen","description":"Regenverdeck Doppio f\u00fcr Bakfiets.nl. Wasserdichter Schutz f\u00fcr Kinder und Gep\u00e4ck, mit Rei\u00dfverschl\u00fcssen, Bel\u00fcftung und Sonnenschutz f\u00fcr den Alltag.","robots":{"index":"index","follow":"follow","max-snippet":"max-snippet:-1","max-image-preview":"max-image-preview:large","max-video-preview":"max-video-preview:-1"},"canonical":"https:\/\/clarijs-fietstassen.nl\/de\/regenzelt-doppio-2026-fur-bakfiets-nl\/","og_locale":"de_DE","og_type":"article","og_title":"Regenzelt Doppio f\u00fcr Bakfiets.nl (inkl. Rahmen)","og_description":"Regenverdeck Doppio f\u00fcr Bakfiets.nl. Wasserdichter Schutz f\u00fcr Kinder und Gep\u00e4ck, mit Rei\u00dfverschl\u00fcssen, Bel\u00fcftung und Sonnenschutz f\u00fcr den Alltag.","og_url":"https:\/\/clarijs-fietstassen.nl\/de\/regenzelt-doppio-2026-fur-bakfiets-nl\/","og_site_name":"Clarijs Fietstassen","article_publisher":"https:\/\/www.facebook.com\/clarijs1948\/","article_modified_time":"2026-04-20T11:45:33+00:00","og_image":[{"width":1000,"height":1000,"url":"https:\/\/clarijs-fietstassen.nl\/wp-content\/uploads\/2026\/02\/bakfiets-nl-doppio2026-transparant-2.png","type":"image\/png"}],"twitter_card":"summary_large_image","twitter_misc":{"Verf\u00fcgbarkeit":"bei Nachbestellung"},"schema":{"@context":"https:\/\/schema.org","@graph":[{"@type":"WebPage","@id":"https:\/\/clarijs-fietstassen.nl\/de\/regenzelt-doppio-2026-fur-bakfiets-nl\/","url":"https:\/\/clarijs-fietstassen.nl\/de\/regenzelt-doppio-2026-fur-bakfiets-nl\/","name":"Regenzelt Doppio f\u00fcr Bakfiets.nl (inkl. Rahmen) - Clarijs Fietstassen","isPartOf":{"@id":"https:\/\/clarijs-fietstassen.nl\/de\/#website"},"primaryImageOfPage":{"@id":"https:\/\/clarijs-fietstassen.nl\/de\/regenzelt-doppio-2026-fur-bakfiets-nl\/#primaryimage"},"image":{"@id":"https:\/\/clarijs-fietstassen.nl\/de\/regenzelt-doppio-2026-fur-bakfiets-nl\/#primaryimage"},"thumbnailUrl":"https:\/\/clarijs-fietstassen.nl\/wp-content\/uploads\/2026\/02\/bakfiets-nl-doppio2026-transparant-2.png","datePublished":"2026-02-23T15:42:04+00:00","dateModified":"2026-04-20T11:45:33+00:00","description":"Regenverdeck Doppio f\u00fcr Bakfiets.nl. Wasserdichter Schutz f\u00fcr Kinder und Gep\u00e4ck, mit Rei\u00dfverschl\u00fcssen, Bel\u00fcftung und Sonnenschutz f\u00fcr den Alltag.","breadcrumb":{"@id":"https:\/\/clarijs-fietstassen.nl\/de\/regenzelt-doppio-2026-fur-bakfiets-nl\/#breadcrumb"},"inLanguage":"de","potentialAction":[{"@type":"ReadAction","target":["https:\/\/clarijs-fietstassen.nl\/de\/regenzelt-doppio-2026-fur-bakfiets-nl\/"]}]},{"@type":"ImageObject","inLanguage":"de","@id":"https:\/\/clarijs-fietstassen.nl\/de\/regenzelt-doppio-2026-fur-bakfiets-nl\/#primaryimage","url":"https:\/\/clarijs-fietstassen.nl\/wp-content\/uploads\/2026\/02\/bakfiets-nl-doppio2026-transparant-2.png","contentUrl":"https:\/\/clarijs-fietstassen.nl\/wp-content\/uploads\/2026\/02\/bakfiets-nl-doppio2026-transparant-2.png","width":1000,"height":1000},{"@type":"BreadcrumbList","@id":"https:\/\/clarijs-fietstassen.nl\/de\/regenzelt-doppio-2026-fur-bakfiets-nl\/#breadcrumb","itemListElement":[{"@type":"ListItem","position":1,"name":"Home","item":"https:\/\/clarijs-fietstassen.nl\/de\/"},{"@type":"ListItem","position":2,"name":"Shop","item":"https:\/\/clarijs-fietstassen.nl\/de\/shop\/"},{"@type":"ListItem","position":3,"name":"Bakfiets.nl","item":"https:\/\/clarijs-fietstassen.nl\/en\/bakfiets-nl\/"},{"@type":"ListItem","position":4,"name":"Regenzelt Doppio f\u00fcr Bakfiets.nl (inkl. Rahmen)"}]},{"@type":"WebSite","@id":"https:\/\/clarijs-fietstassen.nl\/de\/#website","url":"https:\/\/clarijs-fietstassen.nl\/de\/","name":"Clarijs Fietstassen","description":"Kwaliteit &amp; ambacht sinds 1948","publisher":{"@id":"https:\/\/clarijs-fietstassen.nl\/de\/#organization"},"potentialAction":[{"@type":"SearchAction","target":{"@type":"EntryPoint","urlTemplate":"https:\/\/clarijs-fietstassen.nl\/de\/?s={search_term_string}"},"query-input":{"@type":"PropertyValueSpecification","valueRequired":true,"valueName":"search_term_string"}}],"inLanguage":"de"},{"@type":"Organization","@id":"https:\/\/clarijs-fietstassen.nl\/de\/#organization","name":"Clarijs Fietstassen","url":"https:\/\/clarijs-fietstassen.nl\/de\/","logo":{"@type":"ImageObject","inLanguage":"de","@id":"https:\/\/clarijs-fietstassen.nl\/de\/#\/schema\/logo\/image\/","url":"https:\/\/clarijs-fietstassen.nl\/wp-content\/uploads\/2024\/01\/clarijs-logo-met-rand.jpg","contentUrl":"https:\/\/clarijs-fietstassen.nl\/wp-content\/uploads\/2024\/01\/clarijs-logo-met-rand.jpg","width":560,"height":266,"caption":"Clarijs Fietstassen"},"image":{"@id":"https:\/\/clarijs-fietstassen.nl\/de\/#\/schema\/logo\/image\/"},"sameAs":["https:\/\/www.facebook.com\/clarijs1948\/","https:\/\/www.instagram.com\/clarijscovers\/"]}]},"og_availability":"backorder","product_availability":"available for order","product_retailer_item_id":"5112","product_condition":"new"},"_links":{"self":[{"href":"https:\/\/clarijs-fietstassen.nl\/de\/wp-json\/wp\/v2\/product\/63652","targetHints":{"allow":["GET"]}}],"collection":[{"href":"https:\/\/clarijs-fietstassen.nl\/de\/wp-json\/wp\/v2\/product"}],"about":[{"href":"https:\/\/clarijs-fietstassen.nl\/de\/wp-json\/wp\/v2\/types\/product"}],"replies":[{"embeddable":true,"href":"https:\/\/clarijs-fietstassen.nl\/de\/wp-json\/wp\/v2\/comments?post=63652"}],"wp:featuredmedia":[{"embeddable":true,"href":"https:\/\/clarijs-fietstassen.nl\/de\/wp-json\/wp\/v2\/media\/65135"}],"wp:attachment":[{"href":"https:\/\/clarijs-fietstassen.nl\/de\/wp-json\/wp\/v2\/media?parent=63652"}],"wp:term":[{"taxonomy":"product_brand","embeddable":true,"href":"https:\/\/clarijs-fietstassen.nl\/de\/wp-json\/wp\/v2\/product_brand?post=63652"},{"taxonomy":"product_cat","embeddable":true,"href":"https:\/\/clarijs-fietstassen.nl\/de\/wp-json\/wp\/v2\/product_cat?post=63652"},{"taxonomy":"product_tag","embeddable":true,"href":"https:\/\/clarijs-fietstassen.nl\/de\/wp-json\/wp\/v2\/product_tag?post=63652"}],"curies":[{"name":"wp","href":"https:\/\/api.w.org\/{rel}","templated":true}]}}